{"id":31834,"date":"2021-03-28T21:18:05","date_gmt":"2021-03-28T21:18:05","guid":{"rendered":"https:\/\/architecture-awards-agenda.ca\/?page_id=31834"},"modified":"2021-03-28T21:20:55","modified_gmt":"2021-03-28T21:20:55","slug":"organizations","status":"publish","type":"page","link":"https:\/\/architecture-awards-agenda.ca\/fr\/organizations\/","title":{"rendered":"organizations"},"content":{"rendered":"<section class=\"wpb-content-wrapper\"><p>[vc_row][vc_column][vc_column_text]<\/p>\n<h6><span style=\"color: #999999;\">Ce r\u00e9pertoire des ORGANISATEURS DE PRIX AU CANADA en architecture et dans les domaines de l\u2019environnement b\u00e2ti est un chantier en cours.\u00a0Les informations sont compil\u00e9es par les chercheurs de la Chaire de recherche du Canada en architecture, concours et m\u00e9diations de l\u2019excellence (CRC-ACME). Votre soutien et collaboration sont bienvenus\u00a0pour les prochaines mises \u00e0 jour du syst\u00e8me.<\/span><\/h6>\n<h6>\u00c0 partir de cette liste vous pouvez rejoindre les pages des diff\u00e9rentes institutions qui d\u00e9livrent des prix.<\/h6>\n<h6><\/h6>\n<h6><\/h6>\n<p>[\/vc_column_text][\/vc_column][\/vc_row][vc_row][vc_column][vc_column_text]<div style='float:right;width:250px;'><input id='filter' type='text' style='float:left;width:calc(100% - 30px);'><i class='fa fa-search' aria-hidden='true' style='font-size:1.2em;float:left;position:relative;left:10px;top:10px;'><\/i> <\/div><table class='footable' id='tf' data-filter='#filter' data-page='false'><thead><tr><th data-sort-ignore='true' width='120'><\/th><th>Organisateurs<\/th><th data-sort-ignore='true' width='90' style='font-size:0.8em;'>Pr\u00e9sents et Futurs<\/th><th data-sort-ignore='true' width='90' style='font-size:0.8em;'>Tous les \u00e9v\u00e9nements<\/th><\/tr><\/thead><tbody id='tb'><tr><td><img width=\"120\" src=\"https:\/\/architecture-awards-agenda.ca\/wp-content\/uploads\/2020\/06\/CGBCSABMAG.jpg\" \/><\/td><td style=\"font-size:1.1em;\"><a href=\"https:\/\/architecture-awards-agenda.ca\/fr\/event-organizer\/canada-green-building-council-cgbc-sustainable-architecture-building-magazine-sabmag\/?pe=yes\">Canada Green Building Council (CGBC) | Conseil du b\u00e2timent durable du Canada (CBDCa) \/ Sustainable Architecture &amp; Building Magazine (SABMag) (0)<\/a><div style='font-size:11px;padding-left:10px;'><a href='' target='blanck'><\/div><\/td><td style=\"font-size:1.2em;\"><a href=\"https:\/\/architecture-awards-agenda.ca\/fr\/event-organizer\/canada-green-building-council-cgbc-sustainable-architecture-building-magazine-sabmag\/?pe=yes\"><i class='fa fa-calendar-minus-o' title='Present and Future Events' aria-hidden='true'><\/i><\/a><\/td><td style=\"font-size:1.2em;\"><a href=\"https:\/\/architecture-awards-agenda.ca\/fr\/event-organizer\/canada-green-building-council-cgbc-sustainable-architecture-building-magazine-sabmag\/?pe=no\"><i class='fa fa-calendar-plus-o' title='All Events' aria-hidden='true'><\/i><\/a><\/td><\/tr><tr><td><img width=\"120\" src=\"https:\/\/architecture-awards-agenda.ca\/wp-content\/uploads\/2019\/08\/CECOBOIS-33.jpg\" \/><\/td><td style=\"font-size:1.1em;\"><a href=\"https:\/\/architecture-awards-agenda.ca\/fr\/event-organizer\/53-cecobois\/?pe=yes\">Centre d\u2019expertise sur la construction commerciale en bois (Cecobois) (52)<\/a><div style='font-size:11px;padding-left:10px;'><a href='https:\/\/cecobois.com\/' target='blanck'>cecobois.com<\/div><\/td><td style=\"font-size:1.2em;\"><a href=\"https:\/\/architecture-awards-agenda.ca\/fr\/event-organizer\/53-cecobois\/?pe=yes\"><i class='fa fa-calendar-minus-o' title='Present and Future Events' aria-hidden='true'><\/i><\/a><\/td><td style=\"font-size:1.2em;\"><a href=\"https:\/\/architecture-awards-agenda.ca\/fr\/event-organizer\/53-cecobois\/?pe=no\"><i class='fa fa-calendar-plus-o' title='All Events' aria-hidden='true'><\/i><\/a><\/td><\/tr><tr><td><img width=\"120\" src=\"https:\/\/architecture-awards-agenda.ca\/wp-content\/uploads\/2020\/10\/UBC_SALA.jpg\" \/><\/td><td style=\"font-size:1.1em;\"><a href=\"https:\/\/architecture-awards-agenda.ca\/fr\/event-organizer\/ubc-school-of-architecture-and-landscape-architecture-ubc-sala\/?pe=yes\">University of British Columbia's School of Architecture and Landscape Architecture (UBC SALA) (4)<\/a><div style='font-size:11px;padding-left:10px;'><a href='https:\/\/sala.ubc.ca\/' target='blanck'>sala.ubc.ca<\/div><\/td><td style=\"font-size:1.2em;\"><a href=\"https:\/\/architecture-awards-agenda.ca\/fr\/event-organizer\/ubc-school-of-architecture-and-landscape-architecture-ubc-sala\/?pe=yes\"><i class='fa fa-calendar-minus-o' title='Present and Future Events' aria-hidden='true'><\/i><\/a><\/td><td style=\"font-size:1.2em;\"><a href=\"https:\/\/architecture-awards-agenda.ca\/fr\/event-organizer\/ubc-school-of-architecture-and-landscape-architecture-ubc-sala\/?pe=no\"><i class='fa fa-calendar-plus-o' title='All Events' aria-hidden='true'><\/i><\/a><\/td><\/tr><tr><td><img width=\"120\" src=\"https:\/\/architecture-awards-agenda.ca\/wp-content\/uploads\/2019\/08\/AGENCE_PID-20.jpg\" \/><\/td><td style=\"font-size:1.1em;\"><a href=\"https:\/\/architecture-awards-agenda.ca\/fr\/event-organizer\/50-agence-pid\/?pe=yes\">Agence PID (51)<\/a><div style='font-size:11px;padding-left:10px;'><a href='http:\/\/www.agencepid.com\/' target='blanck'>www.agencepid.com<\/div><\/td><td style=\"font-size:1.2em;\"><a href=\"https:\/\/architecture-awards-agenda.ca\/fr\/event-organizer\/50-agence-pid\/?pe=yes\"><i class='fa fa-calendar-minus-o' title='Present and Future Events' aria-hidden='true'><\/i><\/a><\/td><td style=\"font-size:1.2em;\"><a href=\"https:\/\/architecture-awards-agenda.ca\/fr\/event-organizer\/50-agence-pid\/?pe=no\"><i class='fa fa-calendar-plus-o' title='All Events' aria-hidden='true'><\/i><\/a><\/td><\/tr><tr><td><img width=\"120\" src=\"https:\/\/architecture-awards-agenda.ca\/wp-content\/uploads\/2019\/08\/AAA.jpg\" \/><\/td><td style=\"font-size:1.1em;\"><a href=\"https:\/\/architecture-awards-agenda.ca\/fr\/event-organizer\/21-aaa\/?pe=yes\">Alberta Association of Architects (AAA) (14)<\/a><div style='font-size:11px;padding-left:10px;'><a href='https:\/\/www.aaa.ab.ca\/' target='blanck'>www.aaa.ab.ca<\/div><\/td><td style=\"font-size:1.2em;\"><a href=\"https:\/\/architecture-awards-agenda.ca\/fr\/event-organizer\/21-aaa\/?pe=yes\"><i class='fa fa-calendar-minus-o' title='Present and Future Events' aria-hidden='true'><\/i><\/a><\/td><td style=\"font-size:1.2em;\"><a href=\"https:\/\/architecture-awards-agenda.ca\/fr\/event-organizer\/21-aaa\/?pe=no\"><i class='fa fa-calendar-plus-o' title='All Events' aria-hidden='true'><\/i><\/a><\/td><\/tr><tr><td><img width=\"120\" src=\"https:\/\/architecture-awards-agenda.ca\/wp-content\/uploads\/2019\/08\/ALBERTA_MASONRY_COUNCIL-19.jpg\" \/><\/td><td style=\"font-size:1.1em;\"><a href=\"https:\/\/architecture-awards-agenda.ca\/fr\/event-organizer\/22-alberta-masonry-council\/?pe=yes\">Alberta Masonry Council (20)<\/a><div style='font-size:11px;padding-left:10px;'><a href='https:\/\/albertamasonrycouncil.ca\/' target='blanck'>albertamasonrycouncil.ca<\/div><\/td><td style=\"font-size:1.2em;\"><a href=\"https:\/\/architecture-awards-agenda.ca\/fr\/event-organizer\/22-alberta-masonry-council\/?pe=yes\"><i class='fa fa-calendar-minus-o' title='Present and Future Events' aria-hidden='true'><\/i><\/a><\/td><td style=\"font-size:1.2em;\"><a href=\"https:\/\/architecture-awards-agenda.ca\/fr\/event-organizer\/22-alberta-masonry-council\/?pe=no\"><i class='fa fa-calendar-plus-o' title='All Events' aria-hidden='true'><\/i><\/a><\/td><\/tr><tr><td><img width=\"120\" src=\"https:\/\/architecture-awards-agenda.ca\/wp-content\/uploads\/2020\/03\/ACI_Quebec__Est_Ontario.jpg\" \/><\/td><td style=\"font-size:1.1em;\"><a href=\"https:\/\/architecture-awards-agenda.ca\/fr\/event-organizer\/american-concrete-institute-aci-quebec-est-ontario\/?pe=yes\">American Concrete Institute (ACI) - Qu\u00e9bec \/ Est Ontario (0)<\/a><div style='font-size:11px;padding-left:10px;'><a href='http:\/\/www.aciquebec.com\/index.php\/en\/' target='blanck'>www.aciquebec.com\/index.php\/en<\/div><\/td><td style=\"font-size:1.2em;\"><a href=\"https:\/\/architecture-awards-agenda.ca\/fr\/event-organizer\/american-concrete-institute-aci-quebec-est-ontario\/?pe=yes\"><i class='fa fa-calendar-minus-o' title='Present and Future Events' aria-hidden='true'><\/i><\/a><\/td><td style=\"font-size:1.2em;\"><a href=\"https:\/\/architecture-awards-agenda.ca\/fr\/event-organizer\/american-concrete-institute-aci-quebec-est-ontario\/?pe=no\"><i class='fa fa-calendar-plus-o' title='All Events' aria-hidden='true'><\/i><\/a><\/td><\/tr><tr><td><img width=\"120\" src=\"https:\/\/architecture-awards-agenda.ca\/wp-content\/uploads\/2019\/08\/AANB-1.jpg\" \/><\/td><td style=\"font-size:1.1em;\"><a href=\"https:\/\/architecture-awards-agenda.ca\/fr\/event-organizer\/62-aanb\/?pe=yes\">Architects Association of New Brunswick (AANB) | Association des architectes du Nouveau-Brunswick (AANB) (7)<\/a><div style='font-size:11px;padding-left:10px;'><a href='https:\/\/www.aanb.org\/' target='blanck'>www.aanb.org<\/div><\/td><td style=\"font-size:1.2em;\"><a href=\"https:\/\/architecture-awards-agenda.ca\/fr\/event-organizer\/62-aanb\/?pe=yes\"><i class='fa fa-calendar-minus-o' title='Present and Future Events' aria-hidden='true'><\/i><\/a><\/td><td style=\"font-size:1.2em;\"><a href=\"https:\/\/architecture-awards-agenda.ca\/fr\/event-organizer\/62-aanb\/?pe=no\"><i class='fa fa-calendar-plus-o' title='All Events' aria-hidden='true'><\/i><\/a><\/td><\/tr><tr><td><img width=\"120\" src=\"https:\/\/architecture-awards-agenda.ca\/wp-content\/uploads\/2019\/08\/AAPEI-1.jpg\" \/><\/td><td style=\"font-size:1.1em;\"><a href=\"https:\/\/architecture-awards-agenda.ca\/fr\/event-organizer\/61-aapei\/?pe=yes\">Architects Association of Prince Edward Island (AAPEI) (7)<\/a><div style='font-size:11px;padding-left:10px;'><a href='https:\/\/aapei.com\/' target='blanck'>aapei.com<\/div><\/td><td style=\"font-size:1.2em;\"><a href=\"https:\/\/architecture-awards-agenda.ca\/fr\/event-organizer\/61-aapei\/?pe=yes\"><i class='fa fa-calendar-minus-o' title='Present and Future Events' aria-hidden='true'><\/i><\/a><\/td><td style=\"font-size:1.2em;\"><a href=\"https:\/\/architecture-awards-agenda.ca\/fr\/event-organizer\/61-aapei\/?pe=no\"><i class='fa fa-calendar-plus-o' title='All Events' aria-hidden='true'><\/i><\/a><\/td><\/tr><tr><td><img width=\"120\" src=\"https:\/\/architecture-awards-agenda.ca\/wp-content\/uploads\/2019\/08\/NSNBPEI-5.jpg\" \/><\/td><td style=\"font-size:1.1em;\"><a href=\"https:\/\/architecture-awards-agenda.ca\/fr\/event-organizer\/74-aapei-aanb-nsaa\/?pe=yes\">Architects Association of Prince Edward Island (AAPEI) \/ Architects Association of New Brunswick (AANB) \/ Nova Scotia Association of Architects (NSAA) (14)<\/a><div style='font-size:11px;padding-left:10px;'><a href='' target='blanck'><\/div><\/td><td style=\"font-size:1.2em;\"><a href=\"https:\/\/architecture-awards-agenda.ca\/fr\/event-organizer\/74-aapei-aanb-nsaa\/?pe=yes\"><i class='fa fa-calendar-minus-o' title='Present and Future Events' aria-hidden='true'><\/i><\/a><\/td><td style=\"font-size:1.2em;\"><a href=\"https:\/\/architecture-awards-agenda.ca\/fr\/event-organizer\/74-aapei-aanb-nsaa\/?pe=no\"><i class='fa fa-calendar-plus-o' title='All Events' aria-hidden='true'><\/i><\/a><\/td><\/tr><tr><td><img width=\"120\" src=\"https:\/\/architecture-awards-agenda.ca\/wp-content\/uploads\/2019\/08\/AIBC.jpg\" \/><\/td><td style=\"font-size:1.1em;\"><a href=\"https:\/\/architecture-awards-agenda.ca\/fr\/event-organizer\/16-aibc\/?pe=yes\">Architectural Institute of British Columbia (AIBC) (0)<\/a><div style='font-size:11px;padding-left:10px;'><a href='https:\/\/aibc.ca\/' target='blanck'>aibc.ca<\/div><\/td><td style=\"font-size:1.2em;\"><a href=\"https:\/\/architecture-awards-agenda.ca\/fr\/event-organizer\/16-aibc\/?pe=yes\"><i class='fa fa-calendar-minus-o' title='Present and Future Events' aria-hidden='true'><\/i><\/a><\/td><td style=\"font-size:1.2em;\"><a href=\"https:\/\/architecture-awards-agenda.ca\/fr\/event-organizer\/16-aibc\/?pe=no\"><i class='fa fa-calendar-plus-o' title='All Events' aria-hidden='true'><\/i><\/a><\/td><\/tr><tr><td><img width=\"120\" src=\"https:\/\/architecture-awards-agenda.ca\/wp-content\/uploads\/2019\/08\/AFBC.jpg\" \/><\/td><td style=\"font-size:1.1em;\"><a href=\"https:\/\/architecture-awards-agenda.ca\/fr\/event-organizer\/20-afbc\/?pe=yes\">Architecture Foundation of British Columbia (AFBC) (0)<\/a><div style='font-size:11px;padding-left:10px;'><a href='https:\/\/www.architecturefoundationbc.ca\/' target='blanck'>www.architecturefoundationbc.ca<\/div><\/td><td style=\"font-size:1.2em;\"><a href=\"https:\/\/architecture-awards-agenda.ca\/fr\/event-organizer\/20-afbc\/?pe=yes\"><i class='fa fa-calendar-minus-o' title='Present and Future Events' aria-hidden='true'><\/i><\/a><\/td><td style=\"font-size:1.2em;\"><a href=\"https:\/\/architecture-awards-agenda.ca\/fr\/event-organizer\/20-afbc\/?pe=no\"><i class='fa fa-calendar-plus-o' title='All Events' aria-hidden='true'><\/i><\/a><\/td><\/tr><tr><td><img width=\"120\" src=\"https:\/\/architecture-awards-agenda.ca\/wp-content\/uploads\/2019\/08\/AIBCAFBC-9.jpg\" \/><\/td><td style=\"font-size:1.1em;\"><a href=\"https:\/\/architecture-awards-agenda.ca\/fr\/event-organizer\/70-afbc-aibc\/?pe=yes\">Architecture Foundation of British Columbia (AFBC) \/ Architectural Institute of British Columbia(AIBC) (29)<\/a><div style='font-size:11px;padding-left:10px;'><a href='' target='blanck'><\/div><\/td><td style=\"font-size:1.2em;\"><a href=\"https:\/\/architecture-awards-agenda.ca\/fr\/event-organizer\/70-afbc-aibc\/?pe=yes\"><i class='fa fa-calendar-minus-o' title='Present and Future Events' aria-hidden='true'><\/i><\/a><\/td><td style=\"font-size:1.2em;\"><a href=\"https:\/\/architecture-awards-agenda.ca\/fr\/event-organizer\/70-afbc-aibc\/?pe=no\"><i class='fa fa-calendar-plus-o' title='All Events' aria-hidden='true'><\/i><\/a><\/td><\/tr><tr><td><img width=\"120\" src=\"https:\/\/architecture-awards-agenda.ca\/wp-content\/uploads\/2020\/10\/AFG.jpg\" \/><\/td><td style=\"font-size:1.1em;\"><a href=\"https:\/\/architecture-awards-agenda.ca\/fr\/event-organizer\/association-des-firmes-de-genie-conseil-quebec-afg\/?pe=yes\">Association des firmes de g\u00e9nie-conseil - Qu\u00e9bec (AFG) (12)<\/a><div style='font-size:11px;padding-left:10px;'><a href='http:\/\/afg.quebec\/accueil' target='blanck'>afg.quebec\/accueil<\/div><\/td><td style=\"font-size:1.2em;\"><a href=\"https:\/\/architecture-awards-agenda.ca\/fr\/event-organizer\/association-des-firmes-de-genie-conseil-quebec-afg\/?pe=yes\"><i class='fa fa-calendar-minus-o' title='Present and Future Events' aria-hidden='true'><\/i><\/a><\/td><td style=\"font-size:1.2em;\"><a href=\"https:\/\/architecture-awards-agenda.ca\/fr\/event-organizer\/association-des-firmes-de-genie-conseil-quebec-afg\/?pe=no\"><i class='fa fa-calendar-plus-o' title='All Events' aria-hidden='true'><\/i><\/a><\/td><\/tr><tr><td><img width=\"120\" src=\"https:\/\/architecture-awards-agenda.ca\/wp-content\/uploads\/2021\/03\/AZURE_Magazine.jpg\" \/><\/td><td style=\"font-size:1.1em;\"><a href=\"https:\/\/architecture-awards-agenda.ca\/fr\/event-organizer\/azure-magazine\/?pe=yes\">AZURE Magazine (36)<\/a><div style='font-size:11px;padding-left:10px;'><a href='https:\/\/www.azuremagazine.com\/' target='blanck'>www.azuremagazine.com<\/div><\/td><td style=\"font-size:1.2em;\"><a href=\"https:\/\/architecture-awards-agenda.ca\/fr\/event-organizer\/azure-magazine\/?pe=yes\"><i class='fa fa-calendar-minus-o' title='Present and Future Events' aria-hidden='true'><\/i><\/a><\/td><td style=\"font-size:1.2em;\"><a href=\"https:\/\/architecture-awards-agenda.ca\/fr\/event-organizer\/azure-magazine\/?pe=no\"><i class='fa fa-calendar-plus-o' title='All Events' aria-hidden='true'><\/i><\/a><\/td><\/tr><tr><td><img width=\"120\" src=\"https:\/\/architecture-awards-agenda.ca\/wp-content\/uploads\/2019\/08\/CCA.jpg\" \/><\/td><td style=\"font-size:1.1em;\"><a href=\"https:\/\/architecture-awards-agenda.ca\/fr\/event-organizer\/9-canada-council-arts\/?pe=yes\">Canada Council for the Arts | Conseil des arts du Canada (8)<\/a><div style='font-size:11px;padding-left:10px;'><a href='https:\/\/canadacouncil.ca\/' target='blanck'>canadacouncil.ca<\/div><\/td><td style=\"font-size:1.2em;\"><a href=\"https:\/\/architecture-awards-agenda.ca\/fr\/event-organizer\/9-canada-council-arts\/?pe=yes\"><i class='fa fa-calendar-minus-o' title='Present and Future Events' aria-hidden='true'><\/i><\/a><\/td><td style=\"font-size:1.2em;\"><a href=\"https:\/\/architecture-awards-agenda.ca\/fr\/event-organizer\/9-canada-council-arts\/?pe=no\"><i class='fa fa-calendar-plus-o' title='All Events' aria-hidden='true'><\/i><\/a><\/td><\/tr><tr><td><img width=\"120\" src=\"https:\/\/architecture-awards-agenda.ca\/wp-content\/uploads\/2019\/08\/CGBC-15.jpg\" \/><\/td><td style=\"font-size:1.1em;\"><a href=\"https:\/\/architecture-awards-agenda.ca\/fr\/event-organizer\/6-cgbc\/?pe=yes\">Canada Green Building Council (CGBC) | Conseil du b\u00e2timent durable du Canada (CBDCa) (27)<\/a><div style='font-size:11px;padding-left:10px;'><a href='https:\/\/www.cagbc.org\/' target='blanck'>www.cagbc.org<\/div><\/td><td style=\"font-size:1.2em;\"><a href=\"https:\/\/architecture-awards-agenda.ca\/fr\/event-organizer\/6-cgbc\/?pe=yes\"><i class='fa fa-calendar-minus-o' title='Present and Future Events' aria-hidden='true'><\/i><\/a><\/td><td style=\"font-size:1.2em;\"><a href=\"https:\/\/architecture-awards-agenda.ca\/fr\/event-organizer\/6-cgbc\/?pe=no\"><i class='fa fa-calendar-plus-o' title='All Events' aria-hidden='true'><\/i><\/a><\/td><\/tr><tr><td><img width=\"120\" src=\"https:\/\/architecture-awards-agenda.ca\/wp-content\/uploads\/2019\/08\/CANADIAN_ARCHITECT.jpg\" \/><\/td><td style=\"font-size:1.1em;\"><a href=\"https:\/\/architecture-awards-agenda.ca\/fr\/event-organizer\/4-canadian-architect\/?pe=yes\">Canadian Architect (13)<\/a><div style='font-size:11px;padding-left:10px;'><a href='https:\/\/www.canadianarchitect.com\/' target='blanck'>www.canadianarchitect.com<\/div><\/td><td style=\"font-size:1.2em;\"><a href=\"https:\/\/architecture-awards-agenda.ca\/fr\/event-organizer\/4-canadian-architect\/?pe=yes\"><i class='fa fa-calendar-minus-o' title='Present and Future Events' aria-hidden='true'><\/i><\/a><\/td><td style=\"font-size:1.2em;\"><a href=\"https:\/\/architecture-awards-agenda.ca\/fr\/event-organizer\/4-canadian-architect\/?pe=no\"><i class='fa fa-calendar-plus-o' title='All Events' aria-hidden='true'><\/i><\/a><\/td><\/tr><tr><td><img width=\"120\" src=\"https:\/\/architecture-awards-agenda.ca\/wp-content\/uploads\/2019\/10\/CAHP.jpg\" \/><\/td><td style=\"font-size:1.1em;\"><a href=\"https:\/\/architecture-awards-agenda.ca\/fr\/event-organizer\/canadian-association-of-heritage-professionals-association-canadienne-dexperts-conseils-en-patrimoine\/?pe=yes\">Canadian Association of Heritage Professionals | Association canadienne d'experts-conseils en patrimoine (10)<\/a><div style='font-size:11px;padding-left:10px;'><a href='https:\/\/cahp-acecp.ca\/' target='blanck'>cahp-acecp.ca<\/div><\/td><td style=\"font-size:1.2em;\"><a href=\"https:\/\/architecture-awards-agenda.ca\/fr\/event-organizer\/canadian-association-of-heritage-professionals-association-canadienne-dexperts-conseils-en-patrimoine\/?pe=yes\"><i class='fa fa-calendar-minus-o' title='Present and Future Events' aria-hidden='true'><\/i><\/a><\/td><td style=\"font-size:1.2em;\"><a href=\"https:\/\/architecture-awards-agenda.ca\/fr\/event-organizer\/canadian-association-of-heritage-professionals-association-canadienne-dexperts-conseils-en-patrimoine\/?pe=no\"><i class='fa fa-calendar-plus-o' title='All Events' aria-hidden='true'><\/i><\/a><\/td><\/tr><tr><td><img width=\"120\" src=\"https:\/\/architecture-awards-agenda.ca\/wp-content\/uploads\/2020\/10\/CIP_ICU.jpg\" \/><\/td><td style=\"font-size:1.1em;\"><a href=\"https:\/\/architecture-awards-agenda.ca\/fr\/event-organizer\/12-cip\/?pe=yes\">Canadian Institute of Planners (CIP) | Institut canadien des urbanistes (ICU) (33)<\/a><div style='font-size:11px;padding-left:10px;'><a href='http:\/\/cip-icu.ca\/' target='blanck'>cip-icu.ca<\/div><\/td><td style=\"font-size:1.2em;\"><a href=\"https:\/\/architecture-awards-agenda.ca\/fr\/event-organizer\/12-cip\/?pe=yes\"><i class='fa fa-calendar-minus-o' title='Present and Future Events' aria-hidden='true'><\/i><\/a><\/td><td style=\"font-size:1.2em;\"><a href=\"https:\/\/architecture-awards-agenda.ca\/fr\/event-organizer\/12-cip\/?pe=no\"><i class='fa fa-calendar-plus-o' title='All Events' aria-hidden='true'><\/i><\/a><\/td><\/tr><tr><td><img width=\"120\" src=\"https:\/\/architecture-awards-agenda.ca\/wp-content\/uploads\/2019\/08\/CISC_ALBERTA-1.jpg\" \/><\/td><td style=\"font-size:1.1em;\"><a href=\"https:\/\/architecture-awards-agenda.ca\/fr\/event-organizer\/23-cisc-ab\/?pe=yes\">Canadian Institute of Steel Construction (CISC) - Alberta (14)<\/a><div style='font-size:11px;padding-left:10px;'><a href='https:\/\/www.cisc-icca.ca\/' target='blanck'>www.cisc-icca.ca<\/div><\/td><td style=\"font-size:1.2em;\"><a href=\"https:\/\/architecture-awards-agenda.ca\/fr\/event-organizer\/23-cisc-ab\/?pe=yes\"><i class='fa fa-calendar-minus-o' title='Present and Future Events' aria-hidden='true'><\/i><\/a><\/td><td style=\"font-size:1.2em;\"><a href=\"https:\/\/architecture-awards-agenda.ca\/fr\/event-organizer\/23-cisc-ab\/?pe=no\"><i class='fa fa-calendar-plus-o' title='All Events' aria-hidden='true'><\/i><\/a><\/td><\/tr><tr><td><img width=\"120\" src=\"https:\/\/architecture-awards-agenda.ca\/wp-content\/uploads\/2019\/08\/CISC-21.jpg\" \/><\/td><td style=\"font-size:1.1em;\"><a href=\"https:\/\/architecture-awards-agenda.ca\/fr\/event-organizer\/56-cisc-atl\/?pe=yes\">Canadian Institute of Steel Construction (CISC) - Atlantic (3)<\/a><div style='font-size:11px;padding-left:10px;'><a href='https:\/\/www.cisc-icca.ca\/' target='blanck'>www.cisc-icca.ca<\/div><\/td><td style=\"font-size:1.2em;\"><a href=\"https:\/\/architecture-awards-agenda.ca\/fr\/event-organizer\/56-cisc-atl\/?pe=yes\"><i class='fa fa-calendar-minus-o' title='Present and Future Events' aria-hidden='true'><\/i><\/a><\/td><td style=\"font-size:1.2em;\"><a href=\"https:\/\/architecture-awards-agenda.ca\/fr\/event-organizer\/56-cisc-atl\/?pe=no\"><i class='fa fa-calendar-plus-o' title='All Events' aria-hidden='true'><\/i><\/a><\/td><\/tr><tr><td><img width=\"120\" src=\"https:\/\/architecture-awards-agenda.ca\/wp-content\/uploads\/2019\/08\/CISC-21.jpg\" \/><\/td><td style=\"font-size:1.1em;\"><a href=\"https:\/\/architecture-awards-agenda.ca\/fr\/event-organizer\/18-cisc-bc\/?pe=yes\">Canadian Institute of Steel Construction (CISC) - British Columbia (3)<\/a><div style='font-size:11px;padding-left:10px;'><a href='https:\/\/www.cisc-icca.ca\/' target='blanck'>www.cisc-icca.ca<\/div><\/td><td style=\"font-size:1.2em;\"><a href=\"https:\/\/architecture-awards-agenda.ca\/fr\/event-organizer\/18-cisc-bc\/?pe=yes\"><i class='fa fa-calendar-minus-o' title='Present and Future Events' aria-hidden='true'><\/i><\/a><\/td><td style=\"font-size:1.2em;\"><a href=\"https:\/\/architecture-awards-agenda.ca\/fr\/event-organizer\/18-cisc-bc\/?pe=no\"><i class='fa fa-calendar-plus-o' title='All Events' aria-hidden='true'><\/i><\/a><\/td><\/tr><tr><td><img width=\"120\" src=\"https:\/\/architecture-awards-agenda.ca\/wp-content\/uploads\/2019\/08\/CISC-21.jpg\" \/><\/td><td style=\"font-size:1.1em;\"><a href=\"https:\/\/architecture-awards-agenda.ca\/fr\/event-organizer\/35-cisc-mb-nw-on\/?pe=yes\">Canadian Institute of Steel Construction (CISC) - Manitoba\/ NW Ontario (7)<\/a><div style='font-size:11px;padding-left:10px;'><a href='https:\/\/www.cisc-icca.ca\/' target='blanck'>www.cisc-icca.ca<\/div><\/td><td style=\"font-size:1.2em;\"><a href=\"https:\/\/architecture-awards-agenda.ca\/fr\/event-organizer\/35-cisc-mb-nw-on\/?pe=yes\"><i class='fa fa-calendar-minus-o' title='Present and Future Events' aria-hidden='true'><\/i><\/a><\/td><td style=\"font-size:1.2em;\"><a href=\"https:\/\/architecture-awards-agenda.ca\/fr\/event-organizer\/35-cisc-mb-nw-on\/?pe=no\"><i class='fa fa-calendar-plus-o' title='All Events' aria-hidden='true'><\/i><\/a><\/td><\/tr><tr><td><img width=\"120\" src=\"https:\/\/architecture-awards-agenda.ca\/wp-content\/uploads\/2019\/08\/CISC_ONTARIO-8.jpg\" \/><\/td><td style=\"font-size:1.1em;\"><a href=\"https:\/\/architecture-awards-agenda.ca\/fr\/event-organizer\/41-cisc-on\/?pe=yes\">Canadian Institute of Steel Construction (CISC) - Ontario (10)<\/a><div style='font-size:11px;padding-left:10px;'><a href='https:\/\/www.cisc-icca.ca\/' target='blanck'>www.cisc-icca.ca<\/div><\/td><td style=\"font-size:1.2em;\"><a href=\"https:\/\/architecture-awards-agenda.ca\/fr\/event-organizer\/41-cisc-on\/?pe=yes\"><i class='fa fa-calendar-minus-o' title='Present and Future Events' aria-hidden='true'><\/i><\/a><\/td><td style=\"font-size:1.2em;\"><a href=\"https:\/\/architecture-awards-agenda.ca\/fr\/event-organizer\/41-cisc-on\/?pe=no\"><i class='fa fa-calendar-plus-o' title='All Events' aria-hidden='true'><\/i><\/a><\/td><\/tr><tr><td><img width=\"120\" src=\"https:\/\/architecture-awards-agenda.ca\/wp-content\/uploads\/2019\/08\/CISC-21.jpg\" \/><\/td><td style=\"font-size:1.1em;\"><a href=\"https:\/\/architecture-awards-agenda.ca\/fr\/event-organizer\/10-cisc\/?pe=yes\">Canadian Institute of Steel Construction (CISC) | Institut canadien de la construction en acier (ICCA) (4)<\/a><div style='font-size:11px;padding-left:10px;'><a href='https:\/\/www.cisc-icca.ca\/' target='blanck'>www.cisc-icca.ca<\/div><\/td><td style=\"font-size:1.2em;\"><a href=\"https:\/\/architecture-awards-agenda.ca\/fr\/event-organizer\/10-cisc\/?pe=yes\"><i class='fa fa-calendar-minus-o' title='Present and Future Events' aria-hidden='true'><\/i><\/a><\/td><td style=\"font-size:1.2em;\"><a href=\"https:\/\/architecture-awards-agenda.ca\/fr\/event-organizer\/10-cisc\/?pe=no\"><i class='fa fa-calendar-plus-o' title='All Events' aria-hidden='true'><\/i><\/a><\/td><\/tr><tr><td><img width=\"120\" src=\"https:\/\/architecture-awards-agenda.ca\/wp-content\/uploads\/2019\/08\/CANADIAN_INTERIORS-16.jpg\" \/><\/td><td style=\"font-size:1.1em;\"><a href=\"https:\/\/architecture-awards-agenda.ca\/fr\/event-organizer\/3-canadian-interiors\/?pe=yes\">Canadian Interiors (39)<\/a><div style='font-size:11px;padding-left:10px;'><a href='https:\/\/www.canadianinteriors.com\/' target='blanck'>www.canadianinteriors.com<\/div><\/td><td style=\"font-size:1.2em;\"><a href=\"https:\/\/architecture-awards-agenda.ca\/fr\/event-organizer\/3-canadian-interiors\/?pe=yes\"><i class='fa fa-calendar-minus-o' title='Present and Future Events' aria-hidden='true'><\/i><\/a><\/td><td style=\"font-size:1.2em;\"><a href=\"https:\/\/architecture-awards-agenda.ca\/fr\/event-organizer\/3-canadian-interiors\/?pe=no\"><i class='fa fa-calendar-plus-o' title='All Events' aria-hidden='true'><\/i><\/a><\/td><\/tr><tr><td><img width=\"120\" src=\"https:\/\/architecture-awards-agenda.ca\/wp-content\/uploads\/2019\/08\/CSLA.jpg\" \/><\/td><td style=\"font-size:1.1em;\"><a href=\"https:\/\/architecture-awards-agenda.ca\/fr\/event-organizer\/5-csla\/?pe=yes\">Canadian Society of Landscape Architects (CSLA) | Association des architectes paysagistes du Canada (AAPC) (20)<\/a><div style='font-size:11px;padding-left:10px;'><a href='https:\/\/www.csla-aapc.ca\/csla-aapc' target='blanck'>www.csla-aapc.ca\/csla-aapc<\/div><\/td><td style=\"font-size:1.2em;\"><a href=\"https:\/\/architecture-awards-agenda.ca\/fr\/event-organizer\/5-csla\/?pe=yes\"><i class='fa fa-calendar-minus-o' title='Present and Future Events' aria-hidden='true'><\/i><\/a><\/td><td style=\"font-size:1.2em;\"><a href=\"https:\/\/architecture-awards-agenda.ca\/fr\/event-organizer\/5-csla\/?pe=no\"><i class='fa fa-calendar-plus-o' title='All Events' aria-hidden='true'><\/i><\/a><\/td><\/tr><tr><td><img width=\"120\" src=\"https:\/\/architecture-awards-agenda.ca\/wp-content\/uploads\/2019\/10\/CUI_LOGO.jpg\" \/><\/td><td style=\"font-size:1.1em;\"><a href=\"https:\/\/architecture-awards-agenda.ca\/fr\/event-organizer\/canadian-urban-institute-institut-urbain-du-canada\/?pe=yes\">Canadian Urban Institute | Institut urbain du Canada (7)<\/a><div style='font-size:11px;padding-left:10px;'><a href='https:\/\/www.canurb.org\/' target='blanck'>www.canurb.org<\/div><\/td><td style=\"font-size:1.2em;\"><a href=\"https:\/\/architecture-awards-agenda.ca\/fr\/event-organizer\/canadian-urban-institute-institut-urbain-du-canada\/?pe=yes\"><i class='fa fa-calendar-minus-o' title='Present and Future Events' aria-hidden='true'><\/i><\/a><\/td><td style=\"font-size:1.2em;\"><a href=\"https:\/\/architecture-awards-agenda.ca\/fr\/event-organizer\/canadian-urban-institute-institut-urbain-du-canada\/?pe=no\"><i class='fa fa-calendar-plus-o' title='All Events' aria-hidden='true'><\/i><\/a><\/td><\/tr><tr><td><img width=\"120\" src=\"https:\/\/architecture-awards-agenda.ca\/wp-content\/uploads\/2019\/08\/CANADIANWOODCOUNCIL-10.jpg\" \/><\/td><td style=\"font-size:1.1em;\"><a href=\"https:\/\/architecture-awards-agenda.ca\/fr\/event-organizer\/8-canadian-wood-council\/?pe=yes\">Canadian Wood Council | Conseil canadien du bois (0)<\/a><div style='font-size:11px;padding-left:10px;'><a href='https:\/\/cwc.ca\/' target='blanck'>cwc.ca<\/div><\/td><td style=\"font-size:1.2em;\"><a href=\"https:\/\/architecture-awards-agenda.ca\/fr\/event-organizer\/8-canadian-wood-council\/?pe=yes\"><i class='fa fa-calendar-minus-o' title='Present and Future Events' aria-hidden='true'><\/i><\/a><\/td><td style=\"font-size:1.2em;\"><a href=\"https:\/\/architecture-awards-agenda.ca\/fr\/event-organizer\/8-canadian-wood-council\/?pe=no\"><i class='fa fa-calendar-plus-o' title='All Events' aria-hidden='true'><\/i><\/a><\/td><\/tr><tr><td><img width=\"120\" src=\"https:\/\/architecture-awards-agenda.ca\/wp-content\/uploads\/2019\/08\/CCBWDBM.jpg\" \/><\/td><td style=\"font-size:1.1em;\"><a href=\"https:\/\/architecture-awards-agenda.ca\/fr\/event-organizer\/64-canadian-wood-council-wood-design-building-magazine\/?pe=yes\">Canadian Wood Council | Conseil canadien du bois \/ Wood Design &amp; Building magazine (44)<\/a><div style='font-size:11px;padding-left:10px;'><a href='' target='blanck'><\/div><\/td><td style=\"font-size:1.2em;\"><a href=\"https:\/\/architecture-awards-agenda.ca\/fr\/event-organizer\/64-canadian-wood-council-wood-design-building-magazine\/?pe=yes\"><i class='fa fa-calendar-minus-o' title='Present and Future Events' aria-hidden='true'><\/i><\/a><\/td><td style=\"font-size:1.2em;\"><a href=\"https:\/\/architecture-awards-agenda.ca\/fr\/event-organizer\/64-canadian-wood-council-wood-design-building-magazine\/?pe=no\"><i class='fa fa-calendar-plus-o' title='All Events' aria-hidden='true'><\/i><\/a><\/td><\/tr><tr><td><img width=\"120\" src=\"https:\/\/architecture-awards-agenda.ca\/wp-content\/uploads\/2019\/08\/CALGARY-7.jpg\" \/><\/td><td style=\"font-size:1.1em;\"><a href=\"https:\/\/architecture-awards-agenda.ca\/fr\/event-organizer\/25-city-calgary\/?pe=yes\">City of Calgary (39)<\/a><div style='font-size:11px;padding-left:10px;'><a href='https:\/\/www.calgary.ca\/SitePages\/cocis\/default.aspx' target='blanck'>www.calgary.ca\/SitePages\/cocis\/default.aspx<\/div><\/td><td style=\"font-size:1.2em;\"><a href=\"https:\/\/architecture-awards-agenda.ca\/fr\/event-organizer\/25-city-calgary\/?pe=yes\"><i class='fa fa-calendar-minus-o' title='Present and Future Events' aria-hidden='true'><\/i><\/a><\/td><td style=\"font-size:1.2em;\"><a href=\"https:\/\/architecture-awards-agenda.ca\/fr\/event-organizer\/25-city-calgary\/?pe=no\"><i class='fa fa-calendar-plus-o' title='All Events' aria-hidden='true'><\/i><\/a><\/td><\/tr><tr><td><img width=\"120\" src=\"https:\/\/architecture-awards-agenda.ca\/wp-content\/uploads\/2019\/08\/EDMONTONCITY.png\" \/><\/td><td style=\"font-size:1.1em;\"><a href=\"https:\/\/architecture-awards-agenda.ca\/fr\/event-organizer\/26-city-edmonton\/?pe=yes\">City of Edmonton (0)<\/a><div style='font-size:11px;padding-left:10px;'><a href='https:\/\/www.edmonton.ca\/' target='blanck'>www.edmonton.ca<\/div><\/td><td style=\"font-size:1.2em;\"><a href=\"https:\/\/architecture-awards-agenda.ca\/fr\/event-organizer\/26-city-edmonton\/?pe=yes\"><i class='fa fa-calendar-minus-o' title='Present and Future Events' aria-hidden='true'><\/i><\/a><\/td><td style=\"font-size:1.2em;\"><a href=\"https:\/\/architecture-awards-agenda.ca\/fr\/event-organizer\/26-city-edmonton\/?pe=no\"><i class='fa fa-calendar-plus-o' title='All Events' aria-hidden='true'><\/i><\/a><\/td><\/tr><tr><td><img width=\"120\" src=\"https:\/\/architecture-awards-agenda.ca\/wp-content\/uploads\/2019\/08\/EDMONTONRAIC-15.jpg\" \/><\/td><td style=\"font-size:1.1em;\"><a href=\"https:\/\/architecture-awards-agenda.ca\/fr\/event-organizer\/71-city-edmonton-raic\/?pe=yes\">City of Edmonton \/ Royal Architectural Institute of Canada (RAIC) (16)<\/a><div style='font-size:11px;padding-left:10px;'><a href='' target='blanck'><\/div><\/td><td style=\"font-size:1.2em;\"><a href=\"https:\/\/architecture-awards-agenda.ca\/fr\/event-organizer\/71-city-edmonton-raic\/?pe=yes\"><i class='fa fa-calendar-minus-o' title='Present and Future Events' aria-hidden='true'><\/i><\/a><\/td><td style=\"font-size:1.2em;\"><a href=\"https:\/\/architecture-awards-agenda.ca\/fr\/event-organizer\/71-city-edmonton-raic\/?pe=no\"><i class='fa fa-calendar-plus-o' title='All Events' aria-hidden='true'><\/i><\/a><\/td><\/tr><tr><td><img width=\"120\" src=\"https:\/\/architecture-awards-agenda.ca\/wp-content\/uploads\/2022\/02\/City_of_Halifax.jpg\" \/><\/td><td style=\"font-size:1.1em;\"><a href=\"https:\/\/architecture-awards-agenda.ca\/fr\/event-organizer\/city-of-halifax\/?pe=yes\">City of Halifax (0)<\/a><div style='font-size:11px;padding-left:10px;'><a href='https:\/\/www.halifax.ca\/' target='blanck'>www.halifax.ca<\/div><\/td><td style=\"font-size:1.2em;\"><a href=\"https:\/\/architecture-awards-agenda.ca\/fr\/event-organizer\/city-of-halifax\/?pe=yes\"><i class='fa fa-calendar-minus-o' title='Present and Future Events' aria-hidden='true'><\/i><\/a><\/td><td style=\"font-size:1.2em;\"><a href=\"https:\/\/architecture-awards-agenda.ca\/fr\/event-organizer\/city-of-halifax\/?pe=no\"><i class='fa fa-calendar-plus-o' title='All Events' aria-hidden='true'><\/i><\/a><\/td><\/tr><tr><td><img width=\"120\" src=\"https:\/\/architecture-awards-agenda.ca\/wp-content\/uploads\/2019\/08\/HAMILTON_CITY-2.jpg\" \/><\/td><td style=\"font-size:1.1em;\"><a href=\"https:\/\/architecture-awards-agenda.ca\/fr\/event-organizer\/45-city-hamilton\/?pe=yes\">City of Hamilton (16)<\/a><div style='font-size:11px;padding-left:10px;'><a href='https:\/\/www.hamilton.ca\/' target='blanck'>www.hamilton.ca<\/div><\/td><td style=\"font-size:1.2em;\"><a href=\"https:\/\/architecture-awards-agenda.ca\/fr\/event-organizer\/45-city-hamilton\/?pe=yes\"><i class='fa fa-calendar-minus-o' title='Present and Future Events' aria-hidden='true'><\/i><\/a><\/td><td style=\"font-size:1.2em;\"><a href=\"https:\/\/architecture-awards-agenda.ca\/fr\/event-organizer\/45-city-hamilton\/?pe=no\"><i class='fa fa-calendar-plus-o' title='All Events' aria-hidden='true'><\/i><\/a><\/td><\/tr><tr><td><img width=\"120\" src=\"https:\/\/architecture-awards-agenda.ca\/wp-content\/uploads\/2021\/08\/CITY_OF_LONDON.jpg\" \/><\/td><td style=\"font-size:1.1em;\"><a href=\"https:\/\/architecture-awards-agenda.ca\/fr\/event-organizer\/city-of-london\/?pe=yes\">City of London (8)<\/a><div style='font-size:11px;padding-left:10px;'><a href='https:\/\/london.ca\/' target='blanck'>london.ca<\/div><\/td><td style=\"font-size:1.2em;\"><a href=\"https:\/\/architecture-awards-agenda.ca\/fr\/event-organizer\/city-of-london\/?pe=yes\"><i class='fa fa-calendar-minus-o' title='Present and Future Events' aria-hidden='true'><\/i><\/a><\/td><td style=\"font-size:1.2em;\"><a href=\"https:\/\/architecture-awards-agenda.ca\/fr\/event-organizer\/city-of-london\/?pe=no\"><i class='fa fa-calendar-plus-o' title='All Events' aria-hidden='true'><\/i><\/a><\/td><\/tr><tr><td><img width=\"120\" src=\"https:\/\/architecture-awards-agenda.ca\/wp-content\/uploads\/2019\/08\/MISSISSAUGA_CITY-1.jpg\" \/><\/td><td style=\"font-size:1.1em;\"><a href=\"https:\/\/architecture-awards-agenda.ca\/fr\/event-organizer\/46-city-mississauga\/?pe=yes\">City of Mississauga (13)<\/a><div style='font-size:11px;padding-left:10px;'><a href='http:\/\/www.mississauga.ca\/portal\/home' target='blanck'>www.mississauga.ca\/portal\/home<\/div><\/td><td style=\"font-size:1.2em;\"><a href=\"https:\/\/architecture-awards-agenda.ca\/fr\/event-organizer\/46-city-mississauga\/?pe=yes\"><i class='fa fa-calendar-minus-o' title='Present and Future Events' aria-hidden='true'><\/i><\/a><\/td><td style=\"font-size:1.2em;\"><a href=\"https:\/\/architecture-awards-agenda.ca\/fr\/event-organizer\/46-city-mississauga\/?pe=no\"><i class='fa fa-calendar-plus-o' title='All Events' aria-hidden='true'><\/i><\/a><\/td><\/tr><tr><td><img width=\"120\" src=\"https:\/\/architecture-awards-agenda.ca\/wp-content\/uploads\/2019\/08\/OTTAWA_CITY-3.jpg\" \/><\/td><td style=\"font-size:1.1em;\"><a href=\"https:\/\/architecture-awards-agenda.ca\/fr\/event-organizer\/47-city-ottawa\/?pe=yes\">City of Ottawa (30)<\/a><div style='font-size:11px;padding-left:10px;'><a href='https:\/\/ottawa.ca\/en' target='blanck'>ottawa.ca\/en<\/div><\/td><td style=\"font-size:1.2em;\"><a href=\"https:\/\/architecture-awards-agenda.ca\/fr\/event-organizer\/47-city-ottawa\/?pe=yes\"><i class='fa fa-calendar-minus-o' title='Present and Future Events' aria-hidden='true'><\/i><\/a><\/td><td style=\"font-size:1.2em;\"><a href=\"https:\/\/architecture-awards-agenda.ca\/fr\/event-organizer\/47-city-ottawa\/?pe=no\"><i class='fa fa-calendar-plus-o' title='All Events' aria-hidden='true'><\/i><\/a><\/td><\/tr><tr><td><img width=\"120\" src=\"https:\/\/architecture-awards-agenda.ca\/wp-content\/uploads\/2019\/08\/REGINA-5.jpg\" \/><\/td><td style=\"font-size:1.1em;\"><a href=\"https:\/\/architecture-awards-agenda.ca\/fr\/event-organizer\/30-city-regina\/?pe=yes\">City of Regina (6)<\/a><div style='font-size:11px;padding-left:10px;'><a href='https:\/\/www.regina.ca\/' target='blanck'>www.regina.ca<\/div><\/td><td style=\"font-size:1.2em;\"><a href=\"https:\/\/architecture-awards-agenda.ca\/fr\/event-organizer\/30-city-regina\/?pe=yes\"><i class='fa fa-calendar-minus-o' title='Present and Future Events' aria-hidden='true'><\/i><\/a><\/td><td style=\"font-size:1.2em;\"><a href=\"https:\/\/architecture-awards-agenda.ca\/fr\/event-organizer\/30-city-regina\/?pe=no\"><i class='fa fa-calendar-plus-o' title='All Events' aria-hidden='true'><\/i><\/a><\/td><\/tr><tr><td><img width=\"120\" src=\"https:\/\/architecture-awards-agenda.ca\/wp-content\/uploads\/2019\/08\/TORONTO_CITY-1.jpg\" \/><\/td><td style=\"font-size:1.1em;\"><a href=\"https:\/\/architecture-awards-agenda.ca\/fr\/event-organizer\/44-city-toronto\/?pe=yes\">City of Toronto (46)<\/a><div style='font-size:11px;padding-left:10px;'><a href='https:\/\/www.toronto.ca\/' target='blanck'>www.toronto.ca<\/div><\/td><td style=\"font-size:1.2em;\"><a href=\"https:\/\/architecture-awards-agenda.ca\/fr\/event-organizer\/44-city-toronto\/?pe=yes\"><i class='fa fa-calendar-minus-o' title='Present and Future Events' aria-hidden='true'><\/i><\/a><\/td><td style=\"font-size:1.2em;\"><a href=\"https:\/\/architecture-awards-agenda.ca\/fr\/event-organizer\/44-city-toronto\/?pe=no\"><i class='fa fa-calendar-plus-o' title='All Events' aria-hidden='true'><\/i><\/a><\/td><\/tr><tr><td><img width=\"120\" src=\"https:\/\/architecture-awards-agenda.ca\/wp-content\/uploads\/2019\/08\/CONCRETE_ONTARIO-8.jpg\" \/><\/td><td style=\"font-size:1.1em;\"><a href=\"https:\/\/architecture-awards-agenda.ca\/fr\/event-organizer\/43-concrete-ontario\/?pe=yes\">Concrete Ontario (18)<\/a><div style='font-size:11px;padding-left:10px;'><a href='https:\/\/www.rmcao.org\/' target='blanck'>www.rmcao.org<\/div><\/td><td style=\"font-size:1.2em;\"><a href=\"https:\/\/architecture-awards-agenda.ca\/fr\/event-organizer\/43-concrete-ontario\/?pe=yes\"><i class='fa fa-calendar-minus-o' title='Present and Future Events' aria-hidden='true'><\/i><\/a><\/td><td style=\"font-size:1.2em;\"><a href=\"https:\/\/architecture-awards-agenda.ca\/fr\/event-organizer\/43-concrete-ontario\/?pe=no\"><i class='fa fa-calendar-plus-o' title='All Events' aria-hidden='true'><\/i><\/a><\/td><\/tr><tr><td><img width=\"120\" src=\"https:\/\/architecture-awards-agenda.ca\/wp-content\/uploads\/2020\/10\/CREW_M.jpg\" \/><\/td><td style=\"font-size:1.1em;\"><a href=\"https:\/\/architecture-awards-agenda.ca\/fr\/event-organizer\/crew-m\/?pe=yes\">CREW M (0)<\/a><div style='font-size:11px;padding-left:10px;'><a href='https:\/\/www.crewm.com\/' target='blanck'>www.crewm.com<\/div><\/td><td style=\"font-size:1.2em;\"><a href=\"https:\/\/architecture-awards-agenda.ca\/fr\/event-organizer\/crew-m\/?pe=yes\"><i class='fa fa-calendar-minus-o' title='Present and Future Events' aria-hidden='true'><\/i><\/a><\/td><td style=\"font-size:1.2em;\"><a href=\"https:\/\/architecture-awards-agenda.ca\/fr\/event-organizer\/crew-m\/?pe=no\"><i class='fa fa-calendar-plus-o' title='All Events' aria-hidden='true'><\/i><\/a><\/td><\/tr><tr><td><img width=\"120\" src=\"https:\/\/architecture-awards-agenda.ca\/wp-content\/uploads\/2019\/08\/DESIGN_COUNCIL_SK-9.jpg\" \/><\/td><td style=\"font-size:1.1em;\"><a href=\"https:\/\/architecture-awards-agenda.ca\/fr\/event-organizer\/29-design-council-saskatchewan\/?pe=yes\">Design Council of Saskatchewan (14)<\/a><div style='font-size:11px;padding-left:10px;'><a href='http:\/\/designcouncil.sk.ca\/' target='blanck'>designcouncil.sk.ca<\/div><\/td><td style=\"font-size:1.2em;\"><a href=\"https:\/\/architecture-awards-agenda.ca\/fr\/event-organizer\/29-design-council-saskatchewan\/?pe=yes\"><i class='fa fa-calendar-minus-o' title='Present and Future Events' aria-hidden='true'><\/i><\/a><\/td><td style=\"font-size:1.2em;\"><a href=\"https:\/\/architecture-awards-agenda.ca\/fr\/event-organizer\/29-design-council-saskatchewan\/?pe=no\"><i class='fa fa-calendar-plus-o' title='All Events' aria-hidden='true'><\/i><\/a><\/td><\/tr><tr><td><img width=\"120\" src=\"https:\/\/architecture-awards-agenda.ca\/wp-content\/uploads\/2019\/08\/DX.jpg\" \/><\/td><td style=\"font-size:1.1em;\"><a href=\"https:\/\/architecture-awards-agenda.ca\/fr\/event-organizer\/13-design-exchange\/?pe=yes\">Design Exchange (0)<\/a><div style='font-size:11px;padding-left:10px;'><a href='https:\/\/dx.org\/' target='blanck'>dx.org<\/div><\/td><td style=\"font-size:1.2em;\"><a href=\"https:\/\/architecture-awards-agenda.ca\/fr\/event-organizer\/13-design-exchange\/?pe=yes\"><i class='fa fa-calendar-minus-o' title='Present and Future Events' aria-hidden='true'><\/i><\/a><\/td><td style=\"font-size:1.2em;\"><a href=\"https:\/\/architecture-awards-agenda.ca\/fr\/event-organizer\/13-design-exchange\/?pe=no\"><i class='fa fa-calendar-plus-o' title='All Events' aria-hidden='true'><\/i><\/a><\/td><\/tr><tr><td><img width=\"120\" src=\"https:\/\/architecture-awards-agenda.ca\/wp-content\/uploads\/2019\/08\/DXRBC-1.jpg\" \/><\/td><td style=\"font-size:1.1em;\"><a href=\"https:\/\/architecture-awards-agenda.ca\/fr\/event-organizer\/69-dx-rbc-foundation\/?pe=yes\">Design Exchange Canada's Design Museum(DX) \/ RBC Foundation (2)<\/a><div style='font-size:11px;padding-left:10px;'><a href='' target='blanck'><\/div><\/td><td style=\"font-size:1.2em;\"><a href=\"https:\/\/architecture-awards-agenda.ca\/fr\/event-organizer\/69-dx-rbc-foundation\/?pe=yes\"><i class='fa fa-calendar-minus-o' title='Present and Future Events' aria-hidden='true'><\/i><\/a><\/td><td style=\"font-size:1.2em;\"><a href=\"https:\/\/architecture-awards-agenda.ca\/fr\/event-organizer\/69-dx-rbc-foundation\/?pe=no\"><i class='fa fa-calendar-plus-o' title='All Events' aria-hidden='true'><\/i><\/a><\/td><\/tr><tr><td><img width=\"120\" src=\"https:\/\/architecture-awards-agenda.ca\/wp-content\/uploads\/2019\/08\/DOWNTOWN_WINNI.jpg\" \/><\/td><td style=\"font-size:1.1em;\"><a href=\"https:\/\/architecture-awards-agenda.ca\/fr\/event-organizer\/34-downtown-winnipeg-biz\/?pe=yes\">Downtown Winnipeg BIZ (0)<\/a><div style='font-size:11px;padding-left:10px;'><a href='https:\/\/downtownwinnipegbiz.com\/' target='blanck'>downtownwinnipegbiz.com<\/div><\/td><td style=\"font-size:1.2em;\"><a href=\"https:\/\/architecture-awards-agenda.ca\/fr\/event-organizer\/34-downtown-winnipeg-biz\/?pe=yes\"><i class='fa fa-calendar-minus-o' title='Present and Future Events' aria-hidden='true'><\/i><\/a><\/td><td style=\"font-size:1.2em;\"><a href=\"https:\/\/architecture-awards-agenda.ca\/fr\/event-organizer\/34-downtown-winnipeg-biz\/?pe=no\"><i class='fa fa-calendar-plus-o' title='All Events' aria-hidden='true'><\/i><\/a><\/td><\/tr><tr><td><img width=\"120\" src=\"https:\/\/architecture-awards-agenda.ca\/wp-content\/uploads\/2019\/08\/FEDERATION_MILIEU_DOC.jpg\" \/><\/td><td style=\"font-size:1.1em;\"><a href=\"https:\/\/architecture-awards-agenda.ca\/fr\/event-organizer\/52-federation-milieux-documentaires-qc\/?pe=yes\">F\u00e9d\u00e9ration des milieux documentaires du Qu\u00e9bec (1)<\/a><div style='font-size:11px;padding-left:10px;'><a href='https:\/\/fmdoc.org\/' target='blanck'>fmdoc.org<\/div><\/td><td style=\"font-size:1.2em;\"><a href=\"https:\/\/architecture-awards-agenda.ca\/fr\/event-organizer\/52-federation-milieux-documentaires-qc\/?pe=yes\"><i class='fa fa-calendar-minus-o' title='Present and Future Events' aria-hidden='true'><\/i><\/a><\/td><td style=\"font-size:1.2em;\"><a href=\"https:\/\/architecture-awards-agenda.ca\/fr\/event-organizer\/52-federation-milieux-documentaires-qc\/?pe=no\"><i class='fa fa-calendar-plus-o' title='All Events' aria-hidden='true'><\/i><\/a><\/td><\/tr><tr><td><img width=\"120\" src=\"https:\/\/architecture-awards-agenda.ca\/wp-content\/uploads\/2019\/08\/GOUV_QC-1.jpg\" \/><\/td><td style=\"font-size:1.1em;\"><a href=\"https:\/\/architecture-awards-agenda.ca\/fr\/event-organizer\/54-gouvernement-qc\/?pe=yes\">Gouvernement du Qu\u00e9bec (2)<\/a><div style='font-size:11px;padding-left:10px;'><a href='https:\/\/www.quebec.ca\/' target='blanck'>www.quebec.ca<\/div><\/td><td style=\"font-size:1.2em;\"><a href=\"https:\/\/architecture-awards-agenda.ca\/fr\/event-organizer\/54-gouvernement-qc\/?pe=yes\"><i class='fa fa-calendar-minus-o' title='Present and Future Events' aria-hidden='true'><\/i><\/a><\/td><td style=\"font-size:1.2em;\"><a href=\"https:\/\/architecture-awards-agenda.ca\/fr\/event-organizer\/54-gouvernement-qc\/?pe=no\"><i class='fa fa-calendar-plus-o' title='All Events' aria-hidden='true'><\/i><\/a><\/td><\/tr><tr><td><img width=\"120\" src=\"https:\/\/architecture-awards-agenda.ca\/wp-content\/uploads\/2019\/10\/HERITAGE-SASK.jpg\" \/><\/td><td style=\"font-size:1.1em;\"><a href=\"https:\/\/architecture-awards-agenda.ca\/fr\/event-organizer\/heritage-saskatchewan\/?pe=yes\">Heritage Saskatchewan (4)<\/a><div style='font-size:11px;padding-left:10px;'><a href='https:\/\/heritagesask.ca\/' target='blanck'>heritagesask.ca<\/div><\/td><td style=\"font-size:1.2em;\"><a href=\"https:\/\/architecture-awards-agenda.ca\/fr\/event-organizer\/heritage-saskatchewan\/?pe=yes\"><i class='fa fa-calendar-minus-o' title='Present and Future Events' aria-hidden='true'><\/i><\/a><\/td><td style=\"font-size:1.2em;\"><a href=\"https:\/\/architecture-awards-agenda.ca\/fr\/event-organizer\/heritage-saskatchewan\/?pe=no\"><i class='fa fa-calendar-plus-o' title='All Events' aria-hidden='true'><\/i><\/a><\/td><\/tr><tr><td><img width=\"120\" src=\"https:\/\/architecture-awards-agenda.ca\/wp-content\/uploads\/2020\/10\/HERITAGE_TORONTO.jpg\" \/><\/td><td style=\"font-size:1.1em;\"><a href=\"https:\/\/architecture-awards-agenda.ca\/fr\/event-organizer\/heritage-toronto\/?pe=yes\">Heritage Toronto (2)<\/a><div style='font-size:11px;padding-left:10px;'><a href='https:\/\/www.heritagetoronto.org\/' target='blanck'>www.heritagetoronto.org<\/div><\/td><td style=\"font-size:1.2em;\"><a href=\"https:\/\/architecture-awards-agenda.ca\/fr\/event-organizer\/heritage-toronto\/?pe=yes\"><i class='fa fa-calendar-minus-o' title='Present and Future Events' aria-hidden='true'><\/i><\/a><\/td><td style=\"font-size:1.2em;\"><a href=\"https:\/\/architecture-awards-agenda.ca\/fr\/event-organizer\/heritage-toronto\/?pe=no\"><i class='fa fa-calendar-plus-o' title='All Events' aria-hidden='true'><\/i><\/a><\/td><\/tr><tr><td><img width=\"120\" src=\"https:\/\/architecture-awards-agenda.ca\/wp-content\/uploads\/2019\/08\/HERITAGE_NS.jpg\" \/><\/td><td style=\"font-size:1.1em;\"><a href=\"https:\/\/architecture-awards-agenda.ca\/fr\/event-organizer\/58-heritage-trust-ns\/?pe=yes\">Heritage Trust of Nova Scotia (5)<\/a><div style='font-size:11px;padding-left:10px;'><a href='https:\/\/www.htns.ca\/' target='blanck'>www.htns.ca<\/div><\/td><td style=\"font-size:1.2em;\"><a href=\"https:\/\/architecture-awards-agenda.ca\/fr\/event-organizer\/58-heritage-trust-ns\/?pe=yes\"><i class='fa fa-calendar-minus-o' title='Present and Future Events' aria-hidden='true'><\/i><\/a><\/td><td style=\"font-size:1.2em;\"><a href=\"https:\/\/architecture-awards-agenda.ca\/fr\/event-organizer\/58-heritage-trust-ns\/?pe=no\"><i class='fa fa-calendar-plus-o' title='All Events' aria-hidden='true'><\/i><\/a><\/td><\/tr><tr><td><img width=\"120\" src=\"https:\/\/architecture-awards-agenda.ca\/wp-content\/uploads\/2019\/08\/HERITAGE_WINNIPEG-6.jpg\" \/><\/td><td style=\"font-size:1.1em;\"><a href=\"https:\/\/architecture-awards-agenda.ca\/fr\/event-organizer\/37-heritage-winnipeg\/?pe=yes\">Heritage Winnipeg (7)<\/a><div style='font-size:11px;padding-left:10px;'><a href='https:\/\/heritagewinnipeg.com\/' target='blanck'>heritagewinnipeg.com<\/div><\/td><td style=\"font-size:1.2em;\"><a href=\"https:\/\/architecture-awards-agenda.ca\/fr\/event-organizer\/37-heritage-winnipeg\/?pe=yes\"><i class='fa fa-calendar-minus-o' title='Present and Future Events' aria-hidden='true'><\/i><\/a><\/td><td style=\"font-size:1.2em;\"><a href=\"https:\/\/architecture-awards-agenda.ca\/fr\/event-organizer\/37-heritage-winnipeg\/?pe=no\"><i class='fa fa-calendar-plus-o' title='All Events' aria-hidden='true'><\/i><\/a><\/td><\/tr><tr><td><img width=\"120\" src=\"https:\/\/architecture-awards-agenda.ca\/wp-content\/uploads\/2019\/08\/ICCA_QC-16.jpg\" \/><\/td><td style=\"font-size:1.1em;\"><a href=\"https:\/\/architecture-awards-agenda.ca\/fr\/event-organizer\/49-icca-qc\/?pe=yes\">Institut canadien de la construction en acier (ICCA) - Qu\u00e9bec (22)<\/a><div style='font-size:11px;padding-left:10px;'><a href='https:\/\/www.cisc-icca.ca\/?lang=fr' target='blanck'>www.cisc-icca.ca\/?lang=fr<\/div><\/td><td style=\"font-size:1.2em;\"><a href=\"https:\/\/architecture-awards-agenda.ca\/fr\/event-organizer\/49-icca-qc\/?pe=yes\"><i class='fa fa-calendar-minus-o' title='Present and Future Events' aria-hidden='true'><\/i><\/a><\/td><td style=\"font-size:1.2em;\"><a href=\"https:\/\/architecture-awards-agenda.ca\/fr\/event-organizer\/49-icca-qc\/?pe=no\"><i class='fa fa-calendar-plus-o' title='All Events' aria-hidden='true'><\/i><\/a><\/td><\/tr><tr><td><img width=\"120\" src=\"https:\/\/architecture-awards-agenda.ca\/wp-content\/uploads\/2019\/08\/IDU.jpg\" \/><\/td><td style=\"font-size:1.1em;\"><a href=\"https:\/\/architecture-awards-agenda.ca\/fr\/event-organizer\/51-institut-developpement-urbain-qc\/?pe=yes\">Institut du d\u00e9veloppement urbain du Qu\u00e9bec (2)<\/a><div style='font-size:11px;padding-left:10px;'><a href='https:\/\/www.idu.quebec\/fr\/' target='blanck'>www.idu.quebec\/fr<\/div><\/td><td style=\"font-size:1.2em;\"><a href=\"https:\/\/architecture-awards-agenda.ca\/fr\/event-organizer\/51-institut-developpement-urbain-qc\/?pe=yes\"><i class='fa fa-calendar-minus-o' title='Present and Future Events' aria-hidden='true'><\/i><\/a><\/td><td style=\"font-size:1.2em;\"><a href=\"https:\/\/architecture-awards-agenda.ca\/fr\/event-organizer\/51-institut-developpement-urbain-qc\/?pe=no\"><i class='fa fa-calendar-plus-o' title='All Events' aria-hidden='true'><\/i><\/a><\/td><\/tr><tr><td><img width=\"120\" src=\"https:\/\/architecture-awards-agenda.ca\/wp-content\/uploads\/2019\/08\/MAA.jpg\" \/><\/td><td style=\"font-size:1.1em;\"><a href=\"https:\/\/architecture-awards-agenda.ca\/fr\/event-organizer\/31-maa\/?pe=yes\">Manitoba Association of Architects (MAA) (0)<\/a><div style='font-size:11px;padding-left:10px;'><a href='https:\/\/www.mbarchitects.org\/' target='blanck'>www.mbarchitects.org<\/div><\/td><td style=\"font-size:1.2em;\"><a href=\"https:\/\/architecture-awards-agenda.ca\/fr\/event-organizer\/31-maa\/?pe=yes\"><i class='fa fa-calendar-minus-o' title='Present and Future Events' aria-hidden='true'><\/i><\/a><\/td><td style=\"font-size:1.2em;\"><a href=\"https:\/\/architecture-awards-agenda.ca\/fr\/event-organizer\/31-maa\/?pe=no\"><i class='fa fa-calendar-plus-o' title='All Events' aria-hidden='true'><\/i><\/a><\/td><\/tr><tr><td><img width=\"120\" src=\"https:\/\/architecture-awards-agenda.ca\/wp-content\/uploads\/2019\/08\/MMDA.jpg\" \/><\/td><td style=\"font-size:1.1em;\"><a href=\"https:\/\/architecture-awards-agenda.ca\/fr\/event-organizer\/32-mmi\/?pe=yes\">Manitoba Masonry Institute (MMI) (1)<\/a><div style='font-size:11px;padding-left:10px;'><a href='https:\/\/www.manitobamasonry.ca\/' target='blanck'>www.manitobamasonry.ca<\/div><\/td><td style=\"font-size:1.2em;\"><a href=\"https:\/\/architecture-awards-agenda.ca\/fr\/event-organizer\/32-mmi\/?pe=yes\"><i class='fa fa-calendar-minus-o' title='Present and Future Events' aria-hidden='true'><\/i><\/a><\/td><td style=\"font-size:1.2em;\"><a href=\"https:\/\/architecture-awards-agenda.ca\/fr\/event-organizer\/32-mmi\/?pe=no\"><i class='fa fa-calendar-plus-o' title='All Events' aria-hidden='true'><\/i><\/a><\/td><\/tr><tr><td><img width=\"120\" src=\"https:\/\/architecture-awards-agenda.ca\/wp-content\/uploads\/2020\/06\/MCAT.jpg\" \/><\/td><td style=\"font-size:1.1em;\"><a href=\"https:\/\/architecture-awards-agenda.ca\/fr\/event-organizer\/39-mcat\/?pe=yes\">Masonry Contractors' Association of Toronto (MCAT) (0)<\/a><div style='font-size:11px;padding-left:10px;'><a href='http:\/\/www.mcat-gta.ca\/' target='blanck'>www.mcat-gta.ca<\/div><\/td><td style=\"font-size:1.2em;\"><a href=\"https:\/\/architecture-awards-agenda.ca\/fr\/event-organizer\/39-mcat\/?pe=yes\"><i class='fa fa-calendar-minus-o' title='Present and Future Events' aria-hidden='true'><\/i><\/a><\/td><td style=\"font-size:1.2em;\"><a href=\"https:\/\/architecture-awards-agenda.ca\/fr\/event-organizer\/39-mcat\/?pe=no\"><i class='fa fa-calendar-plus-o' title='All Events' aria-hidden='true'><\/i><\/a><\/td><\/tr><tr><td><img width=\"120\" src=\"https:\/\/architecture-awards-agenda.ca\/wp-content\/uploads\/2020\/06\/MCATOMCA.jpg\" \/><\/td><td style=\"font-size:1.1em;\"><a href=\"https:\/\/architecture-awards-agenda.ca\/fr\/event-organizer\/masonry-contractors-association-of-toronto-mcat-ontario-masonry-contractors-association-omca\/?pe=yes\">Masonry Contractors' Association of Toronto (MCAT) \/ Ontario Masonry Contractors' Association (OMCA) (0)<\/a><div style='font-size:11px;padding-left:10px;'><a href='' target='blanck'><\/div><\/td><td style=\"font-size:1.2em;\"><a href=\"https:\/\/architecture-awards-agenda.ca\/fr\/event-organizer\/masonry-contractors-association-of-toronto-mcat-ontario-masonry-contractors-association-omca\/?pe=yes\"><i class='fa fa-calendar-minus-o' title='Present and Future Events' aria-hidden='true'><\/i><\/a><\/td><td style=\"font-size:1.2em;\"><a href=\"https:\/\/architecture-awards-agenda.ca\/fr\/event-organizer\/masonry-contractors-association-of-toronto-mcat-ontario-masonry-contractors-association-omca\/?pe=no\"><i class='fa fa-calendar-plus-o' title='All Events' aria-hidden='true'><\/i><\/a><\/td><\/tr><tr><td><img width=\"120\" src=\"https:\/\/architecture-awards-agenda.ca\/wp-content\/uploads\/2019\/08\/BC_MASONRY_INSTITUTE-5.jpg\" \/><\/td><td style=\"font-size:1.1em;\"><a href=\"https:\/\/architecture-awards-agenda.ca\/fr\/event-organizer\/19-masonry-institute-bc\/?pe=yes\">Masonry Institute of British Columbia (1)<\/a><div style='font-size:11px;padding-left:10px;'><a href='http:\/\/www.masonrybc.org\/' target='blanck'>www.masonrybc.org<\/div><\/td><td style=\"font-size:1.2em;\"><a href=\"https:\/\/architecture-awards-agenda.ca\/fr\/event-organizer\/19-masonry-institute-bc\/?pe=yes\"><i class='fa fa-calendar-minus-o' title='Present and Future Events' aria-hidden='true'><\/i><\/a><\/td><td style=\"font-size:1.2em;\"><a href=\"https:\/\/architecture-awards-agenda.ca\/fr\/event-organizer\/19-masonry-institute-bc\/?pe=no\"><i class='fa fa-calendar-plus-o' title='All Events' aria-hidden='true'><\/i><\/a><\/td><\/tr><tr><td><img width=\"120\" src=\"https:\/\/architecture-awards-agenda.ca\/wp-content\/uploads\/2019\/08\/NTC.jpg\" \/><\/td><td style=\"font-size:1.1em;\"><a href=\"https:\/\/architecture-awards-agenda.ca\/fr\/event-organizer\/11-national-trust-canada\/?pe=yes\">National Trust for Canada | Fiducie nationale du Canada (0)<\/a><div style='font-size:11px;padding-left:10px;'><a href='https:\/\/nationaltrustcanada.ca\/' target='blanck'>nationaltrustcanada.ca<\/div><\/td><td style=\"font-size:1.2em;\"><a href=\"https:\/\/architecture-awards-agenda.ca\/fr\/event-organizer\/11-national-trust-canada\/?pe=yes\"><i class='fa fa-calendar-minus-o' title='Present and Future Events' aria-hidden='true'><\/i><\/a><\/td><td style=\"font-size:1.2em;\"><a href=\"https:\/\/architecture-awards-agenda.ca\/fr\/event-organizer\/11-national-trust-canada\/?pe=no\"><i class='fa fa-calendar-plus-o' title='All Events' aria-hidden='true'><\/i><\/a><\/td><\/tr><tr><td><img width=\"120\" src=\"https:\/\/architecture-awards-agenda.ca\/wp-content\/uploads\/2019\/08\/NLAA.jpg\" \/><\/td><td style=\"font-size:1.1em;\"><a href=\"https:\/\/architecture-awards-agenda.ca\/fr\/event-organizer\/59-nlaa\/?pe=yes\">Newfoundland and Labrador Association of Architects (NLAA) (7)<\/a><div style='font-size:11px;padding-left:10px;'><a href='https:\/\/newfoundlandarchitects.com\/Home\/' target='blanck'>newfoundlandarchitects.com\/Home<\/div><\/td><td style=\"font-size:1.2em;\"><a href=\"https:\/\/architecture-awards-agenda.ca\/fr\/event-organizer\/59-nlaa\/?pe=yes\"><i class='fa fa-calendar-minus-o' title='Present and Future Events' aria-hidden='true'><\/i><\/a><\/td><td style=\"font-size:1.2em;\"><a href=\"https:\/\/architecture-awards-agenda.ca\/fr\/event-organizer\/59-nlaa\/?pe=no\"><i class='fa fa-calendar-plus-o' title='All Events' aria-hidden='true'><\/i><\/a><\/td><\/tr><tr><td><img width=\"120\" src=\"https:\/\/architecture-awards-agenda.ca\/wp-content\/uploads\/2019\/08\/NF_HISTORIC_TRUST-5.jpg\" \/><\/td><td style=\"font-size:1.1em;\"><a href=\"https:\/\/architecture-awards-agenda.ca\/fr\/event-organizer\/60-newfoundland-historic-trust\/?pe=yes\">Newfoundland Historic Trust (6)<\/a><div style='font-size:11px;padding-left:10px;'><a href='https:\/\/www.historictrust.ca\/' target='blanck'>www.historictrust.ca<\/div><\/td><td style=\"font-size:1.2em;\"><a href=\"https:\/\/architecture-awards-agenda.ca\/fr\/event-organizer\/60-newfoundland-historic-trust\/?pe=yes\"><i class='fa fa-calendar-minus-o' title='Present and Future Events' aria-hidden='true'><\/i><\/a><\/td><td style=\"font-size:1.2em;\"><a href=\"https:\/\/architecture-awards-agenda.ca\/fr\/event-organizer\/60-newfoundland-historic-trust\/?pe=no\"><i class='fa fa-calendar-plus-o' title='All Events' aria-hidden='true'><\/i><\/a><\/td><\/tr><tr><td><img width=\"120\" src=\"https:\/\/architecture-awards-agenda.ca\/wp-content\/uploads\/2020\/09\/NIAGARA_REGION.jpg\" \/><\/td><td style=\"font-size:1.1em;\"><a href=\"https:\/\/architecture-awards-agenda.ca\/fr\/event-organizer\/niagara-region\/?pe=yes\">Niagara Region (7)<\/a><div style='font-size:11px;padding-left:10px;'><a href='https:\/\/www.niagararegion.ca\/' target='blanck'>www.niagararegion.ca<\/div><\/td><td style=\"font-size:1.2em;\"><a href=\"https:\/\/architecture-awards-agenda.ca\/fr\/event-organizer\/niagara-region\/?pe=yes\"><i class='fa fa-calendar-minus-o' title='Present and Future Events' aria-hidden='true'><\/i><\/a><\/td><td style=\"font-size:1.2em;\"><a href=\"https:\/\/architecture-awards-agenda.ca\/fr\/event-organizer\/niagara-region\/?pe=no\"><i class='fa fa-calendar-plus-o' title='All Events' aria-hidden='true'><\/i><\/a><\/td><\/tr><tr><td><img width=\"120\" src=\"https:\/\/architecture-awards-agenda.ca\/wp-content\/uploads\/2019\/08\/NWTAA-4.jpg\" \/><\/td><td style=\"font-size:1.1em;\"><a href=\"https:\/\/architecture-awards-agenda.ca\/fr\/event-organizer\/63-nwtaa\/?pe=yes\">Northwest Territories Associations of Architects (NWTAA) (4)<\/a><div style='font-size:11px;padding-left:10px;'><a href='https:\/\/www.nwtaa.ca\/' target='blanck'>www.nwtaa.ca<\/div><\/td><td style=\"font-size:1.2em;\"><a href=\"https:\/\/architecture-awards-agenda.ca\/fr\/event-organizer\/63-nwtaa\/?pe=yes\"><i class='fa fa-calendar-minus-o' title='Present and Future Events' aria-hidden='true'><\/i><\/a><\/td><td style=\"font-size:1.2em;\"><a href=\"https:\/\/architecture-awards-agenda.ca\/fr\/event-organizer\/63-nwtaa\/?pe=no\"><i class='fa fa-calendar-plus-o' title='All Events' aria-hidden='true'><\/i><\/a><\/td><\/tr><tr><td><img width=\"120\" src=\"https:\/\/architecture-awards-agenda.ca\/wp-content\/uploads\/2019\/08\/NSAA.jpg\" \/><\/td><td style=\"font-size:1.1em;\"><a href=\"https:\/\/architecture-awards-agenda.ca\/fr\/event-organizer\/57-nlaa\/?pe=yes\">Nova Scotia Association of Architects (NSAA) (2)<\/a><div style='font-size:11px;padding-left:10px;'><a href='https:\/\/nsaa.ns.ca\/' target='blanck'>nsaa.ns.ca<\/div><\/td><td style=\"font-size:1.2em;\"><a href=\"https:\/\/architecture-awards-agenda.ca\/fr\/event-organizer\/57-nlaa\/?pe=yes\"><i class='fa fa-calendar-minus-o' title='Present and Future Events' aria-hidden='true'><\/i><\/a><\/td><td style=\"font-size:1.2em;\"><a href=\"https:\/\/architecture-awards-agenda.ca\/fr\/event-organizer\/57-nlaa\/?pe=no\"><i class='fa fa-calendar-plus-o' title='All Events' aria-hidden='true'><\/i><\/a><\/td><\/tr><tr><td><img width=\"120\" src=\"https:\/\/architecture-awards-agenda.ca\/wp-content\/uploads\/2021\/04\/OAA.jpg\" \/><\/td><td style=\"font-size:1.1em;\"><a href=\"https:\/\/architecture-awards-agenda.ca\/fr\/event-organizer\/38-oaa\/?pe=yes\">Ontario Association of Architects (OAA) (29)<\/a><div style='font-size:11px;padding-left:10px;'><a href='https:\/\/oaa.on.ca\/' target='blanck'>oaa.on.ca<\/div><\/td><td style=\"font-size:1.2em;\"><a href=\"https:\/\/architecture-awards-agenda.ca\/fr\/event-organizer\/38-oaa\/?pe=yes\"><i class='fa fa-calendar-minus-o' title='Present and Future Events' aria-hidden='true'><\/i><\/a><\/td><td style=\"font-size:1.2em;\"><a href=\"https:\/\/architecture-awards-agenda.ca\/fr\/event-organizer\/38-oaa\/?pe=no\"><i class='fa fa-calendar-plus-o' title='All Events' aria-hidden='true'><\/i><\/a><\/td><\/tr><tr><td><img width=\"120\" src=\"https:\/\/architecture-awards-agenda.ca\/wp-content\/uploads\/2021\/03\/Ontario_Heritage_Trust.jpg\" \/><\/td><td style=\"font-size:1.1em;\"><a href=\"https:\/\/architecture-awards-agenda.ca\/fr\/event-organizer\/ontario-heritage-trust-fiducie-du-patrimoine-ontarien\/?pe=yes\">Ontario Heritage Trust | Fiducie du patrimoine ontarien (5)<\/a><div style='font-size:11px;padding-left:10px;'><a href='https:\/\/www.heritagetrust.on.ca\/' target='blanck'>www.heritagetrust.on.ca<\/div><\/td><td style=\"font-size:1.2em;\"><a href=\"https:\/\/architecture-awards-agenda.ca\/fr\/event-organizer\/ontario-heritage-trust-fiducie-du-patrimoine-ontarien\/?pe=yes\"><i class='fa fa-calendar-minus-o' title='Present and Future Events' aria-hidden='true'><\/i><\/a><\/td><td style=\"font-size:1.2em;\"><a href=\"https:\/\/architecture-awards-agenda.ca\/fr\/event-organizer\/ontario-heritage-trust-fiducie-du-patrimoine-ontarien\/?pe=no\"><i class='fa fa-calendar-plus-o' title='All Events' aria-hidden='true'><\/i><\/a><\/td><\/tr><tr><td><img width=\"120\" src=\"https:\/\/architecture-awards-agenda.ca\/wp-content\/uploads\/2019\/08\/OLA-1.jpg\" \/><\/td><td style=\"font-size:1.1em;\"><a href=\"https:\/\/architecture-awards-agenda.ca\/fr\/event-organizer\/40-ola\/?pe=yes\">Ontario Library Association (OLA) | Association des biblioth\u00e8ques de l'Ontario (4)<\/a><div style='font-size:11px;padding-left:10px;'><a href='http:\/\/www.accessola.org\/web\/OLA\/Home\/OLA\/Default.aspx' target='blanck'>www.accessola.org\/web\/OLA\/Home\/OLA\/Default.aspx<\/div><\/td><td style=\"font-size:1.2em;\"><a href=\"https:\/\/architecture-awards-agenda.ca\/fr\/event-organizer\/40-ola\/?pe=yes\"><i class='fa fa-calendar-minus-o' title='Present and Future Events' aria-hidden='true'><\/i><\/a><\/td><td style=\"font-size:1.2em;\"><a href=\"https:\/\/architecture-awards-agenda.ca\/fr\/event-organizer\/40-ola\/?pe=no\"><i class='fa fa-calendar-plus-o' title='All Events' aria-hidden='true'><\/i><\/a><\/td><\/tr><tr><td><img width=\"120\" src=\"https:\/\/architecture-awards-agenda.ca\/wp-content\/uploads\/2020\/06\/OMCA.jpg\" \/><\/td><td style=\"font-size:1.1em;\"><a href=\"https:\/\/architecture-awards-agenda.ca\/fr\/event-organizer\/42-omca\/?pe=yes\">Ontario Masonry Contractors' Association (OMCA) (0)<\/a><div style='font-size:11px;padding-left:10px;'><a href='https:\/\/www.coca.on.ca\/member\/ontario-masonry-contractors-association\/' target='blanck'>www.coca.on.ca\/member\/ontario-masonry-contractors-association<\/div><\/td><td style=\"font-size:1.2em;\"><a href=\"https:\/\/architecture-awards-agenda.ca\/fr\/event-organizer\/42-omca\/?pe=yes\"><i class='fa fa-calendar-minus-o' title='Present and Future Events' aria-hidden='true'><\/i><\/a><\/td><td style=\"font-size:1.2em;\"><a href=\"https:\/\/architecture-awards-agenda.ca\/fr\/event-organizer\/42-omca\/?pe=no\"><i class='fa fa-calendar-plus-o' title='All Events' aria-hidden='true'><\/i><\/a><\/td><\/tr><tr><td><img width=\"120\" src=\"https:\/\/architecture-awards-agenda.ca\/wp-content\/uploads\/2019\/08\/OAQ-43.jpg\" \/><\/td><td style=\"font-size:1.1em;\"><a href=\"https:\/\/architecture-awards-agenda.ca\/fr\/event-organizer\/48-oaq\/?pe=yes\">Ordre des Architectes du Qu\u00e9bec (OAQ) (184)<\/a><div style='font-size:11px;padding-left:10px;'><a href='https:\/\/www.oaq.com\/' target='blanck'>www.oaq.com<\/div><\/td><td style=\"font-size:1.2em;\"><a href=\"https:\/\/architecture-awards-agenda.ca\/fr\/event-organizer\/48-oaq\/?pe=yes\"><i class='fa fa-calendar-minus-o' title='Present and Future Events' aria-hidden='true'><\/i><\/a><\/td><td style=\"font-size:1.2em;\"><a href=\"https:\/\/architecture-awards-agenda.ca\/fr\/event-organizer\/48-oaq\/?pe=no\"><i class='fa fa-calendar-plus-o' title='All Events' aria-hidden='true'><\/i><\/a><\/td><\/tr><tr><td><img width=\"120\" src=\"https:\/\/architecture-awards-agenda.ca\/wp-content\/uploads\/2020\/11\/CPRQ.jpg\" \/><\/td><td style=\"font-size:1.1em;\"><a href=\"https:\/\/architecture-awards-agenda.ca\/fr\/event-organizer\/quebec-religious-heritage-council-conseil-du-patrimoine-religieux-du-quebec\/?pe=yes\">Quebec Religious Heritage Council | Conseil du patrimoine religieux du Qu\u00e9bec (0)<\/a><div style='font-size:11px;padding-left:10px;'><a href='https:\/\/www.patrimoine-religieux.qc.ca\/' target='blanck'>www.patrimoine-religieux.qc.ca<\/div><\/td><td style=\"font-size:1.2em;\"><a href=\"https:\/\/architecture-awards-agenda.ca\/fr\/event-organizer\/quebec-religious-heritage-council-conseil-du-patrimoine-religieux-du-quebec\/?pe=yes\"><i class='fa fa-calendar-minus-o' title='Present and Future Events' aria-hidden='true'><\/i><\/a><\/td><td style=\"font-size:1.2em;\"><a href=\"https:\/\/architecture-awards-agenda.ca\/fr\/event-organizer\/quebec-religious-heritage-council-conseil-du-patrimoine-religieux-du-quebec\/?pe=no\"><i class='fa fa-calendar-plus-o' title='All Events' aria-hidden='true'><\/i><\/a><\/td><\/tr><tr><td><img width=\"120\" src=\"https:\/\/architecture-awards-agenda.ca\/wp-content\/uploads\/2019\/08\/RBC.jpg\" \/><\/td><td style=\"font-size:1.1em;\"><a href=\"https:\/\/architecture-awards-agenda.ca\/fr\/event-organizer\/14-rbc-foundation\/?pe=yes\">RBC Foundation (0)<\/a><div style='font-size:11px;padding-left:10px;'><a href='https:\/\/www.rbc.com\/canada.html' target='blanck'>www.rbc.com\/canada.html<\/div><\/td><td style=\"font-size:1.2em;\"><a href=\"https:\/\/architecture-awards-agenda.ca\/fr\/event-organizer\/14-rbc-foundation\/?pe=yes\"><i class='fa fa-calendar-minus-o' title='Present and Future Events' aria-hidden='true'><\/i><\/a><\/td><td style=\"font-size:1.2em;\"><a href=\"https:\/\/architecture-awards-agenda.ca\/fr\/event-organizer\/14-rbc-foundation\/?pe=no\"><i class='fa fa-calendar-plus-o' title='All Events' aria-hidden='true'><\/i><\/a><\/td><\/tr><tr><td><img width=\"120\" src=\"https:\/\/architecture-awards-agenda.ca\/wp-content\/uploads\/2019\/08\/RAICCIPCSLA-2.jpg\" \/><\/td><td style=\"font-size:1.1em;\"><a href=\"https:\/\/architecture-awards-agenda.ca\/fr\/event-organizer\/68-raic-cip\/?pe=yes\">Royal Architectural Institute of Canada (RAIC) \/ Canadian Institute of Planners (CIP) \/ Canadian Society of Landscape Architects (CSLA) (2)<\/a><div style='font-size:11px;padding-left:10px;'><a href='' target='blanck'><\/div><\/td><td style=\"font-size:1.2em;\"><a href=\"https:\/\/architecture-awards-agenda.ca\/fr\/event-organizer\/68-raic-cip\/?pe=yes\"><i class='fa fa-calendar-minus-o' title='Present and Future Events' aria-hidden='true'><\/i><\/a><\/td><td style=\"font-size:1.2em;\"><a href=\"https:\/\/architecture-awards-agenda.ca\/fr\/event-organizer\/68-raic-cip\/?pe=no\"><i class='fa fa-calendar-plus-o' title='All Events' aria-hidden='true'><\/i><\/a><\/td><\/tr><tr><td><img width=\"120\" src=\"https:\/\/architecture-awards-agenda.ca\/wp-content\/uploads\/2021\/10\/RAIC.jpg\" \/><\/td><td style=\"font-size:1.1em;\"><a href=\"https:\/\/architecture-awards-agenda.ca\/fr\/event-organizer\/1-raic\/?pe=yes\">Royal Architectural Institute of Canada (RAIC) | Institut royal d'architecture du Canada (IRAC) (61)<\/a><div style='font-size:11px;padding-left:10px;'><a href='https:\/\/raic.org\/' target='blanck'>raic.org<\/div><\/td><td style=\"font-size:1.2em;\"><a href=\"https:\/\/architecture-awards-agenda.ca\/fr\/event-organizer\/1-raic\/?pe=yes\"><i class='fa fa-calendar-minus-o' title='Present and Future Events' aria-hidden='true'><\/i><\/a><\/td><td style=\"font-size:1.2em;\"><a href=\"https:\/\/architecture-awards-agenda.ca\/fr\/event-organizer\/1-raic\/?pe=no\"><i class='fa fa-calendar-plus-o' title='All Events' aria-hidden='true'><\/i><\/a><\/td><\/tr><tr><td><img width=\"120\" src=\"https:\/\/architecture-awards-agenda.ca\/wp-content\/uploads\/2019\/08\/RAICCCA.jpg\" \/><\/td><td style=\"font-size:1.1em;\"><a href=\"https:\/\/architecture-awards-agenda.ca\/fr\/event-organizer\/65-raic-canada-council-arts\/?pe=yes\">Royal Architectural Institute of Canada (RAIC) | Institut royal d'architecture du Canada (IRAC) \/ Canada Council for the Arts | Conseil des Arts du Canada (5)<\/a><div style='font-size:11px;padding-left:10px;'><a href='' target='blanck'><\/div><\/td><td style=\"font-size:1.2em;\"><a href=\"https:\/\/architecture-awards-agenda.ca\/fr\/event-organizer\/65-raic-canada-council-arts\/?pe=yes\"><i class='fa fa-calendar-minus-o' title='Present and Future Events' aria-hidden='true'><\/i><\/a><\/td><td style=\"font-size:1.2em;\"><a href=\"https:\/\/architecture-awards-agenda.ca\/fr\/event-organizer\/65-raic-canada-council-arts\/?pe=no\"><i class='fa fa-calendar-plus-o' title='All Events' aria-hidden='true'><\/i><\/a><\/td><\/tr><tr><td><img width=\"120\" src=\"https:\/\/architecture-awards-agenda.ca\/wp-content\/uploads\/2019\/08\/RAICCGBC-2.jpg\" \/><\/td><td style=\"font-size:1.1em;\"><a href=\"https:\/\/architecture-awards-agenda.ca\/fr\/event-organizer\/67-raic-canada-green-building-council\/?pe=yes\">Royal Architectural Institute of Canada (RAIC) | Institut royal d'architecture du Canada (IRAC) \/ Canada Green Building Council | Conseil du b\u00e2timent durable du Canada (13)<\/a><div style='font-size:11px;padding-left:10px;'><a href='' target='blanck'><\/div><\/td><td style=\"font-size:1.2em;\"><a href=\"https:\/\/architecture-awards-agenda.ca\/fr\/event-organizer\/67-raic-canada-green-building-council\/?pe=yes\"><i class='fa fa-calendar-minus-o' title='Present and Future Events' aria-hidden='true'><\/i><\/a><\/td><td style=\"font-size:1.2em;\"><a href=\"https:\/\/architecture-awards-agenda.ca\/fr\/event-organizer\/67-raic-canada-green-building-council\/?pe=no\"><i class='fa fa-calendar-plus-o' title='All Events' aria-hidden='true'><\/i><\/a><\/td><\/tr><tr><td><img width=\"120\" src=\"https:\/\/architecture-awards-agenda.ca\/wp-content\/uploads\/2019\/08\/RAICNATIONAL_TRUST_CANADA-2.jpg\" \/><\/td><td style=\"font-size:1.1em;\"><a href=\"https:\/\/architecture-awards-agenda.ca\/fr\/event-organizer\/66-raic-national-trust-canada\/?pe=yes\">Royal Architectural Institute of Canada (RAIC) | Institut royal d'architecture du Canada (IRAC) \/ National Trust for Canada | Fiducie nationale du Canada (6)<\/a><div style='font-size:11px;padding-left:10px;'><a href='' target='blanck'><\/div><\/td><td style=\"font-size:1.2em;\"><a href=\"https:\/\/architecture-awards-agenda.ca\/fr\/event-organizer\/66-raic-national-trust-canada\/?pe=yes\"><i class='fa fa-calendar-minus-o' title='Present and Future Events' aria-hidden='true'><\/i><\/a><\/td><td style=\"font-size:1.2em;\"><a href=\"https:\/\/architecture-awards-agenda.ca\/fr\/event-organizer\/66-raic-national-trust-canada\/?pe=no\"><i class='fa fa-calendar-plus-o' title='All Events' aria-hidden='true'><\/i><\/a><\/td><\/tr><tr><td><img width=\"120\" src=\"https:\/\/architecture-awards-agenda.ca\/wp-content\/uploads\/2019\/08\/SAA.jpg\" \/><\/td><td style=\"font-size:1.1em;\"><a href=\"https:\/\/architecture-awards-agenda.ca\/fr\/event-organizer\/27-saa\/?pe=yes\">Saskatchewan Association of Architects (SAA) (0)<\/a><div style='font-size:11px;padding-left:10px;'><a href='https:\/\/saskarchitects.com\/' target='blanck'>saskarchitects.com<\/div><\/td><td style=\"font-size:1.2em;\"><a href=\"https:\/\/architecture-awards-agenda.ca\/fr\/event-organizer\/27-saa\/?pe=yes\"><i class='fa fa-calendar-minus-o' title='Present and Future Events' aria-hidden='true'><\/i><\/a><\/td><td style=\"font-size:1.2em;\"><a href=\"https:\/\/architecture-awards-agenda.ca\/fr\/event-organizer\/27-saa\/?pe=no\"><i class='fa fa-calendar-plus-o' title='All Events' aria-hidden='true'><\/i><\/a><\/td><\/tr><tr><td><img width=\"120\" src=\"https:\/\/architecture-awards-agenda.ca\/wp-content\/uploads\/2019\/08\/SK_MASONRY_INSTITUTE-20.jpg\" \/><\/td><td style=\"font-size:1.1em;\"><a href=\"https:\/\/architecture-awards-agenda.ca\/fr\/event-organizer\/28-saskatchewan-masonry-institute\/?pe=yes\">Saskatchewan Masonry Institute Inc. (20)<\/a><div style='font-size:11px;padding-left:10px;'><a href='http:\/\/www.saskmasonry.ca\/' target='blanck'>www.saskmasonry.ca<\/div><\/td><td style=\"font-size:1.2em;\"><a href=\"https:\/\/architecture-awards-agenda.ca\/fr\/event-organizer\/28-saskatchewan-masonry-institute\/?pe=yes\"><i class='fa fa-calendar-minus-o' title='Present and Future Events' aria-hidden='true'><\/i><\/a><\/td><td style=\"font-size:1.2em;\"><a href=\"https:\/\/architecture-awards-agenda.ca\/fr\/event-organizer\/28-saskatchewan-masonry-institute\/?pe=no\"><i class='fa fa-calendar-plus-o' title='All Events' aria-hidden='true'><\/i><\/a><\/td><\/tr><tr><td><img width=\"120\" src=\"https:\/\/architecture-awards-agenda.ca\/wp-content\/uploads\/2019\/08\/SFMB.jpg\" \/><\/td><td style=\"font-size:1.1em;\"><a href=\"https:\/\/architecture-awards-agenda.ca\/fr\/event-organizer\/33-storefrontmb\/?pe=yes\">StorefrontMB (0)<\/a><div style='font-size:11px;padding-left:10px;'><a href='https:\/\/storefrontmb.ca\/' target='blanck'>storefrontmb.ca<\/div><\/td><td style=\"font-size:1.2em;\"><a href=\"https:\/\/architecture-awards-agenda.ca\/fr\/event-organizer\/33-storefrontmb\/?pe=yes\"><i class='fa fa-calendar-minus-o' title='Present and Future Events' aria-hidden='true'><\/i><\/a><\/td><td style=\"font-size:1.2em;\"><a href=\"https:\/\/architecture-awards-agenda.ca\/fr\/event-organizer\/33-storefrontmb\/?pe=no\"><i class='fa fa-calendar-plus-o' title='All Events' aria-hidden='true'><\/i><\/a><\/td><\/tr><tr><td><img width=\"120\" src=\"https:\/\/architecture-awards-agenda.ca\/wp-content\/uploads\/2019\/08\/storefrontMBDTWINNIPEG.jpg\" \/><\/td><td style=\"font-size:1.1em;\"><a href=\"https:\/\/architecture-awards-agenda.ca\/fr\/event-organizer\/72-storefrontmb-downtown-winnipwg-biz\/?pe=yes\">StorefrontMB \/ Downtown Winnipeg BIZ (2)<\/a><div style='font-size:11px;padding-left:10px;'><a href='' target='blanck'><\/div><\/td><td style=\"font-size:1.2em;\"><a href=\"https:\/\/architecture-awards-agenda.ca\/fr\/event-organizer\/72-storefrontmb-downtown-winnipwg-biz\/?pe=yes\"><i class='fa fa-calendar-minus-o' title='Present and Future Events' aria-hidden='true'><\/i><\/a><\/td><td style=\"font-size:1.2em;\"><a href=\"https:\/\/architecture-awards-agenda.ca\/fr\/event-organizer\/72-storefrontmb-downtown-winnipwg-biz\/?pe=no\"><i class='fa fa-calendar-plus-o' title='All Events' aria-hidden='true'><\/i><\/a><\/td><\/tr><tr><td><img width=\"120\" src=\"https:\/\/architecture-awards-agenda.ca\/wp-content\/uploads\/2019\/08\/SABMAG-7.jpg\" \/><\/td><td style=\"font-size:1.1em;\"><a href=\"https:\/\/architecture-awards-agenda.ca\/fr\/event-organizer\/2-sabmag\/?pe=yes\">Sustainable Architecture &amp; Building Magazine (SABMag) (56)<\/a><div style='font-size:11px;padding-left:10px;'><a href='https:\/\/sabmagazine.com\/' target='blanck'>sabmagazine.com<\/div><\/td><td style=\"font-size:1.2em;\"><a href=\"https:\/\/architecture-awards-agenda.ca\/fr\/event-organizer\/2-sabmag\/?pe=yes\"><i class='fa fa-calendar-minus-o' title='Present and Future Events' aria-hidden='true'><\/i><\/a><\/td><td style=\"font-size:1.2em;\"><a href=\"https:\/\/architecture-awards-agenda.ca\/fr\/event-organizer\/2-sabmag\/?pe=no\"><i class='fa fa-calendar-plus-o' title='All Events' aria-hidden='true'><\/i><\/a><\/td><\/tr><tr><td><img width=\"120\" src=\"https:\/\/architecture-awards-agenda.ca\/wp-content\/uploads\/2020\/10\/VILLE_DE_QUEBEC.jpg\" \/><\/td><td style=\"font-size:1.1em;\"><a href=\"https:\/\/architecture-awards-agenda.ca\/fr\/event-organizer\/ville-de-quebec\/?pe=yes\">Ville de Qu\u00e9bec (17)<\/a><div style='font-size:11px;padding-left:10px;'><a href='https:\/\/www.ville.quebec.qc.ca\/' target='blanck'>www.ville.quebec.qc.ca<\/div><\/td><td style=\"font-size:1.2em;\"><a href=\"https:\/\/architecture-awards-agenda.ca\/fr\/event-organizer\/ville-de-quebec\/?pe=yes\"><i class='fa fa-calendar-minus-o' title='Present and Future Events' aria-hidden='true'><\/i><\/a><\/td><td style=\"font-size:1.2em;\"><a href=\"https:\/\/architecture-awards-agenda.ca\/fr\/event-organizer\/ville-de-quebec\/?pe=no\"><i class='fa fa-calendar-plus-o' title='All Events' aria-hidden='true'><\/i><\/a><\/td><\/tr><tr><td><img width=\"120\" src=\"https:\/\/architecture-awards-agenda.ca\/wp-content\/uploads\/2019\/08\/WINNIPEG_ACCESS.jpg\" \/><\/td><td style=\"font-size:1.1em;\"><a href=\"https:\/\/architecture-awards-agenda.ca\/fr\/event-organizer\/36-winnipeg-access-advisory-committee\/?pe=yes\">Winnipeg Access Advisory Committee (14)<\/a><div style='font-size:11px;padding-left:10px;'><a href='https:\/\/winnipeg.ca\/interhom\/default.asp' target='blanck'>winnipeg.ca\/interhom\/default.asp<\/div><\/td><td style=\"font-size:1.2em;\"><a href=\"https:\/\/architecture-awards-agenda.ca\/fr\/event-organizer\/36-winnipeg-access-advisory-committee\/?pe=yes\"><i class='fa fa-calendar-minus-o' title='Present and Future Events' aria-hidden='true'><\/i><\/a><\/td><td style=\"font-size:1.2em;\"><a href=\"https:\/\/architecture-awards-agenda.ca\/fr\/event-organizer\/36-winnipeg-access-advisory-committee\/?pe=no\"><i class='fa fa-calendar-plus-o' title='All Events' aria-hidden='true'><\/i><\/a><\/td><\/tr><tr><td><img width=\"120\" src=\"https:\/\/architecture-awards-agenda.ca\/wp-content\/uploads\/2020\/06\/WOODDESIGNBUILDINGMAGAZINE.jpg\" \/><\/td><td style=\"font-size:1.1em;\"><a href=\"https:\/\/architecture-awards-agenda.ca\/fr\/event-organizer\/15-wood-design-building-magazine\/?pe=yes\">Wood Design &amp; Building Magazine (0)<\/a><div style='font-size:11px;padding-left:10px;'><a href='http:\/\/www.wooddesignandbuilding.com\/' target='blanck'>www.wooddesignandbuilding.com<\/div><\/td><td style=\"font-size:1.2em;\"><a href=\"https:\/\/architecture-awards-agenda.ca\/fr\/event-organizer\/15-wood-design-building-magazine\/?pe=yes\"><i class='fa fa-calendar-minus-o' title='Present and Future Events' aria-hidden='true'><\/i><\/a><\/td><td style=\"font-size:1.2em;\"><a href=\"https:\/\/architecture-awards-agenda.ca\/fr\/event-organizer\/15-wood-design-building-magazine\/?pe=no\"><i class='fa fa-calendar-plus-o' title='All Events' aria-hidden='true'><\/i><\/a><\/td><\/tr><tr><td><img width=\"120\" src=\"https:\/\/architecture-awards-agenda.ca\/wp-content\/uploads\/2019\/08\/WOODWORKS-12.jpg\" \/><\/td><td style=\"font-size:1.1em;\"><a href=\"https:\/\/architecture-awards-agenda.ca\/fr\/event-organizer\/7-wood-works\/?pe=yes\">Wood WORKS! (0)<\/a><div style='font-size:11px;padding-left:10px;'><a href='http:\/\/wood-works.ca\/' target='blanck'>wood-works.ca<\/div><\/td><td style=\"font-size:1.2em;\"><a href=\"https:\/\/architecture-awards-agenda.ca\/fr\/event-organizer\/7-wood-works\/?pe=yes\"><i class='fa fa-calendar-minus-o' title='Present and Future Events' aria-hidden='true'><\/i><\/a><\/td><td style=\"font-size:1.2em;\"><a href=\"https:\/\/architecture-awards-agenda.ca\/fr\/event-organizer\/7-wood-works\/?pe=no\"><i class='fa fa-calendar-plus-o' title='All Events' aria-hidden='true'><\/i><\/a><\/td><\/tr><tr><td><img width=\"120\" src=\"https:\/\/architecture-awards-agenda.ca\/wp-content\/uploads\/2019\/08\/WOODWORKS-12.jpg\" \/><\/td><td style=\"font-size:1.1em;\"><a href=\"https:\/\/architecture-awards-agenda.ca\/fr\/event-organizer\/24-wood-works-ab\/?pe=yes\">Wood WORKS! Alberta (11)<\/a><div style='font-size:11px;padding-left:10px;'><a href='http:\/\/wood-works.ca\/alberta\/' target='blanck'>wood-works.ca\/alberta<\/div><\/td><td style=\"font-size:1.2em;\"><a href=\"https:\/\/architecture-awards-agenda.ca\/fr\/event-organizer\/24-wood-works-ab\/?pe=yes\"><i class='fa fa-calendar-minus-o' title='Present and Future Events' aria-hidden='true'><\/i><\/a><\/td><td style=\"font-size:1.2em;\"><a href=\"https:\/\/architecture-awards-agenda.ca\/fr\/event-organizer\/24-wood-works-ab\/?pe=no\"><i class='fa fa-calendar-plus-o' title='All Events' aria-hidden='true'><\/i><\/a><\/td><\/tr><tr><td><img width=\"120\" src=\"https:\/\/architecture-awards-agenda.ca\/wp-content\/uploads\/2019\/08\/WOODWORKS_ATLANTIC-9.jpg\" \/><\/td><td style=\"font-size:1.1em;\"><a href=\"https:\/\/architecture-awards-agenda.ca\/fr\/event-organizer\/55-wood-works-atl\/?pe=yes\">Wood WORKS! Atlantic (12)<\/a><div style='font-size:11px;padding-left:10px;'><a href='http:\/\/wood-works.ca\/atlantic\/' target='blanck'>wood-works.ca\/atlantic<\/div><\/td><td style=\"font-size:1.2em;\"><a href=\"https:\/\/architecture-awards-agenda.ca\/fr\/event-organizer\/55-wood-works-atl\/?pe=yes\"><i class='fa fa-calendar-minus-o' title='Present and Future Events' aria-hidden='true'><\/i><\/a><\/td><td style=\"font-size:1.2em;\"><a href=\"https:\/\/architecture-awards-agenda.ca\/fr\/event-organizer\/55-wood-works-atl\/?pe=no\"><i class='fa fa-calendar-plus-o' title='All Events' aria-hidden='true'><\/i><\/a><\/td><\/tr><tr><td><img width=\"120\" src=\"https:\/\/architecture-awards-agenda.ca\/wp-content\/uploads\/2019\/08\/WOODWORKS-12.jpg\" \/><\/td><td style=\"font-size:1.1em;\"><a href=\"https:\/\/architecture-awards-agenda.ca\/fr\/event-organizer\/17-wood-works-bc\/?pe=yes\">Wood WORKS! British Columbia (19)<\/a><div style='font-size:11px;padding-left:10px;'><a href='http:\/\/wood-works.ca\/bc\/' target='blanck'>wood-works.ca\/bc<\/div><\/td><td style=\"font-size:1.2em;\"><a href=\"https:\/\/architecture-awards-agenda.ca\/fr\/event-organizer\/17-wood-works-bc\/?pe=yes\"><i class='fa fa-calendar-minus-o' title='Present and Future Events' aria-hidden='true'><\/i><\/a><\/td><td style=\"font-size:1.2em;\"><a href=\"https:\/\/architecture-awards-agenda.ca\/fr\/event-organizer\/17-wood-works-bc\/?pe=no\"><i class='fa fa-calendar-plus-o' title='All Events' aria-hidden='true'><\/i><\/a><\/td><\/tr><tr><td><img width=\"120\" src=\"https:\/\/architecture-awards-agenda.ca\/wp-content\/uploads\/2019\/08\/WOODWORKS-12.jpg\" \/><\/td><td style=\"font-size:1.1em;\"><a href=\"https:\/\/architecture-awards-agenda.ca\/fr\/event-organizer\/wood-works-ontario\/?pe=yes\">Wood WORKS! Ontario (12)<\/a><div style='font-size:11px;padding-left:10px;'><a href='http:\/\/wood-works.ca\/ontario\/' target='blanck'>wood-works.ca\/ontario<\/div><\/td><td style=\"font-size:1.2em;\"><a href=\"https:\/\/architecture-awards-agenda.ca\/fr\/event-organizer\/wood-works-ontario\/?pe=yes\"><i class='fa fa-calendar-minus-o' title='Present and Future Events' aria-hidden='true'><\/i><\/a><\/td><td style=\"font-size:1.2em;\"><a href=\"https:\/\/architecture-awards-agenda.ca\/fr\/event-organizer\/wood-works-ontario\/?pe=no\"><i class='fa fa-calendar-plus-o' title='All Events' aria-hidden='true'><\/i><\/a><\/td><\/tr>\n <script>\n \n jQuery(document).ready(function() {\n\tjQuery('.simple-ajax-popup').magnificPopup({\n       type: 'ajax'\n\n   });\n   \n });\n     \n <\/script> \t<style> \t\t\n\t\t.gauche\n\t\t{\n\t\t\tfloat:left;\n\t\t\twidth:160px;\n\t\t\tpadding-left: 0px;\n\t\t\tpadding-right: 10px;\n\t\t\tpadding-top: 0px;\n\t\t\tpadding-bottom: 0px;\n\t\t\tdisplay: table-cell;\n\t\t}\n\t\t.droite\n\t\t{\n\t\t\t\/\/float: left;\n\t\t\tdisplay:  table-cell;\n\t\t}\n\t\n\t\t\/* Use a media query to add a breakpoint at 800px: *\/\n\t\t@media screen and (max-width: 800px) {\n\t\t  .gauche, .droite {\n\t\t    width: 100%; \/* The width is 100%, when the viewport is 800px or smaller *\/\n\t\t  }\n\t\t}\n\t\n\t <\/style><\/tbody><\/table>[\/vc_column_text][\/vc_column][\/vc_row]<\/p>\n<\/section>","protected":false},"excerpt":{"rendered":"<p>[vc_row][vc_column][vc_column_text] Ce r\u00e9pertoire des ORGANISATEURS DE PRIX AU CANADA en architecture et dans les domaines de l\u2019environnement b\u00e2ti est un chantier en cours.\u00a0Les informations sont compil\u00e9es par les chercheurs de la Chaire de recherche du Canada en architecture, concours et m\u00e9diations de l\u2019excellence (CRC-ACME). Votre soutien et collaboration sont bienvenus\u00a0pour les prochaines mises \u00e0 jour [&hellip;]<\/p>\n","protected":false},"author":1,"featured_media":0,"parent":0,"menu_order":0,"comment_status":"closed","ping_status":"closed","template":"","meta":[],"translation":{"provider":"WPGlobus","version":"2.10.10","language":"fr","enabled_languages":["en","fr"],"languages":{"en":{"title":true,"content":true,"excerpt":false},"fr":{"title":false,"content":true,"excerpt":false}}},"acf":[],"_links":{"self":[{"href":"https:\/\/architecture-awards-agenda.ca\/fr\/wp-json\/wp\/v2\/pages\/31834"}],"collection":[{"href":"https:\/\/architecture-awards-agenda.ca\/fr\/wp-json\/wp\/v2\/pages"}],"about":[{"href":"https:\/\/architecture-awards-agenda.ca\/fr\/wp-json\/wp\/v2\/types\/page"}],"author":[{"embeddable":true,"href":"https:\/\/architecture-awards-agenda.ca\/fr\/wp-json\/wp\/v2\/users\/1"}],"replies":[{"embeddable":true,"href":"https:\/\/architecture-awards-agenda.ca\/fr\/wp-json\/wp\/v2\/comments?post=31834"}],"version-history":[{"count":3,"href":"https:\/\/architecture-awards-agenda.ca\/fr\/wp-json\/wp\/v2\/pages\/31834\/revisions"}],"predecessor-version":[{"id":31837,"href":"https:\/\/architecture-awards-agenda.ca\/fr\/wp-json\/wp\/v2\/pages\/31834\/revisions\/31837"}],"wp:attachment":[{"href":"https:\/\/architecture-awards-agenda.ca\/fr\/wp-json\/wp\/v2\/media?parent=31834"}],"curies":[{"name":"wp","href":"https:\/\/api.w.org\/{rel}","templated":true}]}}